{"id":89,"date":"2018-06-05T10:57:17","date_gmt":"2018-06-05T08:57:17","guid":{"rendered":"http:\/\/www.asso-unil.ch\/unilsansfrontieres\/?page_id=89"},"modified":"2020-12-29T16:28:07","modified_gmt":"2020-12-29T15:28:07","slug":"adherer-a-lassociation","status":"publish","type":"page","link":"https:\/\/www.asso-unil.ch\/unilsansfrontieres\/adherer-a-lassociation\/","title":{"rendered":"Adh\u00e9rer \u00e0 l&rsquo;association"},"content":{"rendered":"<div align=\"justify\">\n<h1 style=\"text-align: center\" align=\"justify\"><strong><span style=\"color: #4998cc\">Nous avons besoin de vous.<\/span><\/strong><\/h1>\n<\/div>\n<div align=\"justify\"><\/div>\n<div align=\"justify\">Si vous souhaitez soutenir l&rsquo;association, plusieurs options existent en fonction de vos possibilit\u00e9s d&rsquo;engagement :<\/div>\n<div align=\"justify\"><\/div>\n<ul>\n<li>devenir membre actif\u00b7ve en rejoignant un groupe de travail ou en vous engageant en fonction de vos disponibilit\u00e9s.<\/li>\n<li>devenir membre passif\u00b7ve en nous soutenant au travers de cotisations, sans vous impliquer r\u00e9guli\u00e8rement.<\/li>\n<li>faire un don<\/li>\n<\/ul>\n<div style=\"text-align: center\" align=\"justify\">Contactez-nous :<\/div>\n<div style=\"text-align: center\" align=\"justify\"><strong style=\"color: #48a1db;font-size: 1.5rem;text-align: center\"><a style=\"color: #48a1db\" href=\"mailto:unilsansfrontieres@asso-unil.ch\">unilsansfrontieres@asso-unil.ch<\/a><\/strong><\/div>\n<div align=\"justify\"><\/div>\n<div align=\"justify\"><\/div>\n<div align=\"justify\"><\/div>\n<div align=\"justify\">L&rsquo;association demande des <a title=\"Cotisations 2018_unilsf\" href=\"https:\/\/unilsf.files.wordpress.com\/2018\/03\/cotisations-2018_unilsf.pdf\">cotisations<\/a> pour promouvoir concr\u00e8tement l&rsquo;acc\u00e8s aux \u00e9tudes pour les personnes en situation d&rsquo;exil (prise en charge totale ou partielle des frais d&rsquo;inscription, nourriture, transport etc. )<\/div>\n<div align=\"justify\">Les montant des cotisations sont les suivants :<\/div>\n<ul>\n<li>0 \u00e0 50 francs par ann\u00e9e pour les membres individuels \u00e9tudiants et personnes dans une situation financi\u00e8re similaire<\/li>\n<li>50 francs par ann\u00e9e pour les membres salari\u00e9s<\/li>\n<li>50 francs par ann\u00e9e en principe pour les membres collectifs<\/li>\n<li>Libre pour les cotisations de soutien<\/li>\n<\/ul>\n<div align=\"justify\"><\/div>\n<div align=\"justify\"><strong>Coordonn\u00e9es bancaires:<\/strong><\/div>\n<div align=\"justify\">\n<p>IBAN CH78 0839 0035 1787 1000 6<\/p>\n<p>Banque Alternative Suisse<br \/>\nRue du Port-Franc 11<br \/>\nCP 161<br \/>\n1001 Lausanne<\/p>\n<p>Association UNIL sans fronti\u00e8res<\/p>\n<h2 style=\"text-align: center\" align=\"justify\"><span style=\"color: #55a1d4\"><strong>Pour recevoir plus d&rsquo;actualit\u00e9s, visitez et likez notre<\/strong><\/span><a style=\"color: #55a1d4\" href=\"https:\/\/www.facebook.com\/Unil-sans-fronti%C3%A8res-211953469343192\/\"><strong> page facebook<\/strong><\/a><\/h2>\n<p><img alt=\"\" loading=\"lazy\" decoding=\"async\" class=\"alignnone  wp-image-530 aligncenter\" src=\"https:\/\/www.asso-unil.ch\/unilsansfrontieres\/files\/2020\/12\/777-1-300x75.jpg\" alt=\"\" width=\"612\" height=\"153\" srcset=\"https:\/\/www.asso-unil.ch\/unilsansfrontieres\/files\/2020\/12\/777-1-300x75.jpg 300w, https:\/\/www.asso-unil.ch\/unilsansfrontieres\/files\/2020\/12\/777-1-768x191.jpg 768w, https:\/\/www.asso-unil.ch\/unilsansfrontieres\/files\/2020\/12\/777-1.jpg 974w\" sizes=\"auto, (max-width: 612px) 100vw, 612px\" \/><\/p>\n<\/div>\n<div align=\"justify\"><\/div>\n","protected":false},"excerpt":{"rendered":"<p>Nous avons besoin de vous. Si vous souhaitez soutenir l&rsquo;association, plusieurs options existent en fonction de vos possibilit\u00e9s d&rsquo;engagement : devenir membre actif\u00b7ve en rejoignant un groupe de travail ou &hellip; <\/p>\n<p class=\"link-more\"><a href=\"https:\/\/www.asso-unil.ch\/unilsansfrontieres\/adherer-a-lassociation\/\" class=\"more-link\">Continuer la lecture<span class=\"screen-reader-text\"> de &laquo;&nbsp;Adh\u00e9rer \u00e0 l&rsquo;association&nbsp;&raquo;<\/span><\/a><\/p>\n","protected":false},"author":1001138,"featured_media":0,"parent":0,"menu_order":0,"comment_status":"closed","ping_status":"closed","template":"","meta":{"_seopress_robots_primary_cat":"","_seopress_titles_title":"","_seopress_titles_desc":"","_seopress_robots_index":"","footnotes":""},"class_list":["post-89","page","type-page","status-publish"],"_links":{"self":[{"href":"https:\/\/www.asso-unil.ch\/unilsansfrontieres\/wp-json\/wp\/v2\/pages\/89","targetHints":{"allow":["GET"]}}],"collection":[{"href":"https:\/\/www.asso-unil.ch\/unilsansfrontieres\/wp-json\/wp\/v2\/pages"}],"about":[{"href":"https:\/\/www.asso-unil.ch\/unilsansfrontieres\/wp-json\/wp\/v2\/types\/page"}],"author":[{"embeddable":true,"href":"https:\/\/www.asso-unil.ch\/unilsansfrontieres\/wp-json\/wp\/v2\/users\/1001138"}],"replies":[{"embeddable":true,"href":"https:\/\/www.asso-unil.ch\/unilsansfrontieres\/wp-json\/wp\/v2\/comments?post=89"}],"version-history":[{"count":0,"href":"https:\/\/www.asso-unil.ch\/unilsansfrontieres\/wp-json\/wp\/v2\/pages\/89\/revisions"}],"wp:attachment":[{"href":"https:\/\/www.asso-unil.ch\/unilsansfrontieres\/wp-json\/wp\/v2\/media?parent=89"}],"curies":[{"name":"wp","href":"https:\/\/api.w.org\/{rel}","templated":true}]}}