{"id":7,"date":"2017-10-10T09:09:38","date_gmt":"2017-10-10T07:09:38","guid":{"rendered":"http:\/\/www.asso-unil.ch\/unilsansfrontieres\/?page_id=7"},"modified":"2021-01-22T13:15:04","modified_gmt":"2021-01-22T12:15:04","slug":"home","status":"publish","type":"page","link":"https:\/\/www.asso-unil.ch\/unilsansfrontieres\/","title":{"rendered":"Bienvenue"},"content":{"rendered":"<h1 style=\"text-align: center\" align=\"justify\"><span style=\"color: #4998cc\"><b>Un aide pour les personnes en situation d&rsquo;exil pour acc\u00e9der \u00e0 une formation \u00e0 l&rsquo;Unil ou la terminer<\/b><\/span><\/h1>\n<div align=\"justify\"><\/div>\n<div align=\"justify\"><\/div>\n<div align=\"justify\">L\u2019association <em>UNIL sans fronti\u00e8res<\/em> <strong>offre un aide aux personnes en situation d&rsquo;exil pour essayer de surmonter ensemble les difficult\u00e9s<\/strong> qu&rsquo;elles rencontrent pour acc\u00e9der \u00e0 une formation universitaire ou la terminer.<\/div>\n<div align=\"justify\"><\/div>\n<div align=\"justify\">Elle intervient \u00e0 plusieurs niveaux :<\/div>\n<div align=\"justify\"><\/div>\n<ul>\n \t<li style=\"list-style-type: none\">\n<ul>\n \t<li>Administratif : suivi concernant l&rsquo;\u00e9quivalence des dipl\u00f4mes, immatriculation<\/li>\n \t<li>Financier : demande d\u2019aide \u00e9conomique<\/li>\n \t<li>Accompagnement : tutorat, information<\/li>\n<\/ul>\n<\/li>\n<\/ul>\n<p style=\"text-align: center\"><a href=\"https:\/\/www.asso-unil.ch\/unilsansfrontieres\/files\/2018\/06\/flyer_trad_anglais-1.pdf\">english<\/a>, <a href=\"https:\/\/www.asso-unil.ch\/unilsansfrontieres\/files\/2018\/06\/flyer_trad_dari.pdf\">\u062f\u0631\u06cc <\/a>\/<a href=\"https:\/\/www.asso-unil.ch\/unilsansfrontieres\/files\/2018\/06\/flyer_trad_dari.pdf\">\u0641\u0627\u0631\u0633\u06cc<\/a>, <a href=\"https:\/\/www.asso-unil.ch\/unilsansfrontieres\/files\/2018\/06\/flyer_trad_arabe.pdf\"><span dir=\"rtl\" lang=\"ar\" title=\"Arabic language text\">\u0639\u064e\u0631\u064e\u0628\u0650\u064a\u0651<\/span>\u200e<\/a>,\u00a0<a href=\"https:\/\/www.asso-unil.ch\/unilsansfrontieres\/files\/2018\/11\/flyer_trad_turc.pdf\"><span id=\"result_box\" class=\"short_text\" lang=\"en\"><span class=\"\">t<\/span><\/span><\/a><a href=\"https:\/\/www.asso-unil.ch\/unilsansfrontieres\/files\/2018\/11\/flyer_trad_turc.pdf\"><span id=\"result_box\" class=\"short_text\" lang=\"en\"><span class=\"\">\u00fcrk\u00e7e<\/span><\/span><\/a><span id=\"result_box\" class=\"short_text\" lang=\"en\"><span class=\"\">, <\/span><\/span><a href=\"https:\/\/www.asso-unil.ch\/unilsansfrontieres\/files\/2018\/06\/flyer_trad_tigrigna.pdf\"><span class=\"Unicode\">\u1275\u130d\u122d\u129b<\/span><\/a>,\u00a0<a href=\"https:\/\/www.asso-unil.ch\/unilsansfrontieres\/files\/2018\/06\/flyer_trad_espagnol.pdf\">espa<span class=\"lang-es\" lang=\"es\">\u00f1ol<\/span><\/a><\/p>\n\n<h1 style=\"text-align: center\" align=\"justify\"><a href=\"mailto:unilsansfrontieres@asso-unil.ch\"><span style=\"color: #4998cc\"><b>unilsansfrontieres@asso-unil.ch<\/b><\/span><\/a><\/h1>\n<img alt=\"\" loading=\"lazy\" decoding=\"async\" class=\"aligncenter wp-image-364\" src=\"https:\/\/www.asso-unil.ch\/unilsansfrontieres\/files\/2020\/12\/laptop-2562325_1920-300x200.jpg\" alt=\"\" width=\"496\" height=\"330\" srcset=\"https:\/\/www.asso-unil.ch\/unilsansfrontieres\/files\/2020\/12\/laptop-2562325_1920-300x200.jpg 300w, https:\/\/www.asso-unil.ch\/unilsansfrontieres\/files\/2020\/12\/laptop-2562325_1920-1024x682.jpg 1024w, https:\/\/www.asso-unil.ch\/unilsansfrontieres\/files\/2020\/12\/laptop-2562325_1920-768x512.jpg 768w, https:\/\/www.asso-unil.ch\/unilsansfrontieres\/files\/2020\/12\/laptop-2562325_1920-1536x1023.jpg 1536w, https:\/\/www.asso-unil.ch\/unilsansfrontieres\/files\/2020\/12\/laptop-2562325_1920.jpg 1801w\" sizes=\"auto, (max-width: 496px) 100vw, 496px\" \/>\n<h1 style=\"text-align: center\" align=\"justify\"><strong><span style=\"color: #4998cc\">Des mesures pour promouvoir l&rsquo;acc\u00e8s \u00e0 l&rsquo;Universit\u00e9 et l&rsquo;obtention de dipl\u00f4mes de la part de personnes en situation d&rsquo;exil<\/span><\/strong><\/h1>\n<!-- \/wp:post-content --> <!-- wp:paragraph -->\n\nParall\u00e8lement, <em>UNIL sans fronti\u00e8res<\/em> entend <strong>sensibiliser la communaut\u00e9 universitaire et agir aupr\u00e8s des autorit\u00e9s universitaires et des pouvoirs publics<\/strong> en charge du domaine de l\u2019asile.\n\nIl s\u2019agit de concevoir et de mettre en place un ensemble de <strong>mesures permettant aux \u00e9tudiant.e.s et aux aspirants \u00e9tudiant.e.s en situation d&rsquo;exil de surmonter les obstacles et difficult\u00e9s<\/strong> qu\u2019elles et ils rencontrent pour acc\u00e9der \u00e0 une formation universitaire ou la terminer avec succ\u00e8s.\n\n<!-- \/wp:paragraph --> <!-- wp:paragraph -->\n<h1 style=\"text-align: center\" align=\"justify\"><span style=\"color: #4998cc\"><b>Pourquoi UNIL sans fronti\u00e8res ?<\/b><\/span><\/h1>\n<!-- \/wp:paragraph --> <!-- wp:paragraph -->\n\nLes personnes en situation d\u2019exil rencontrent des difficult\u00e9s consid\u00e9rables. C\u2019est notamment le cas de celles qui souhaitent r\u00e9aliser un projet d\u2019\u00e9tudes dans leur pays d\u2019accueil. En Suisse, les pouvoirs publics les orientent vers une formation professionnelle afin de les int\u00e9grer le plus rapidement possible au march\u00e9 du travail, au d\u00e9triment d\u2019un projet de formation dans les hautes \u00e9coles. Il est difficile de recenser pr\u00e9cis\u00e9ment le nombre de personnes concern\u00e9es. Les chiffres de l\u2019Office europ\u00e9en des statistiques sont n\u00e9anmoins frappants\u00a0:\n\n<!-- \/wp:paragraph --> <!-- wp:paragraph -->\n\nEn 2016, <strong>59% des demandeur.euse.s d\u2019asile sont \u00e2g\u00e9.e.s entre 14 \u00e0 34 ans<\/strong>, et donc <strong>potentiellement concern\u00e9.e.s par un projet d\u2019\u00e9tudes<\/strong>.\n\n<!-- \/wp:paragraph --> <!-- wp:paragraph -->\n\nCourant 2016, <strong>l\u2019absence de r\u00e9flexion politique<\/strong> sur la question de l\u2019int\u00e9gration des r\u00e9fugi\u00e9.e.s dans les hautes \u00e9coles a \u00e9t\u00e9 soulev\u00e9e au Conseil national et au Grand Conseil vaudois. L\u2019<strong>UNES<\/strong> (Union nationale des \u00e9tudiant.e.s de Suisse) propose un programme intitul\u00e9\u00a0<strong><em><a href=\"https:\/\/www.perspektiven-studium.ch\/fr\/\">Projet r\u00e9fugi\u00e9-e-s \u00ab perspectives \u2013 \u00e9tudes \u00bb<\/a><\/em> <\/strong>qui vise \u00e0 soutenir les initiatives prises en ce sens, \u00e9galement relay\u00e9es par la presse. Le programme <a href=\"https:\/\/www.unige.ch\/horizon-academique\/\"><strong><em>Horizon acad\u00e9mique<\/em> <\/strong><\/a>de l\u2019Universit\u00e9 de Gen\u00e8ve a int\u00e9gr\u00e9 35 personnes \u00e0 la rentr\u00e9e 2017, apr\u00e8s avoir re\u00e7u plus de 80 dossiers.\n\n<!-- \/wp:paragraph --> <!-- wp:paragraph -->\n\n<strong>La demande est r\u00e9elle\u00a0: elle exige un programme sp\u00e9cifique en mesure de r\u00e9pondre aux difficult\u00e9s que rencontrent les personnes concern\u00e9es.<\/strong>\n\n<!-- \/wp:paragraph --> <!-- wp:paragraph -->\n\n\u00c0 l\u2019UNIL, la Direction inclut la question de l\u2019acc\u00e8s des personnes r\u00e9fugi\u00e9es aux hautes \u00e9tudes dans son <a href=\"https:\/\/unilsf.files.wordpress.com\/2018\/03\/plan_intentions_unil_17_21.pdf\">Plan d&rsquo;intention 2017-2021<\/a>. Toutefois, les dispositions pr\u00e9vues <strong>restent insuffisantes<\/strong> pour r\u00e9pondre concr\u00e8tement aux barri\u00e8res symboliques et mat\u00e9rielles qui entravent l\u2019int\u00e9gration des personnes concern\u00e9es. Elles ne tiennent pas compte de la majorit\u00e9 des personnes d\u00e9pourvues des diff\u00e9rents types de ressources n\u00e9cessaires \u00e0 la r\u00e9alisation de leur projet universitaire. Au-del\u00e0 des ressources financi\u00e8res, il s\u2019agit de r\u00e9pondre \u00e0 <strong>des exigences administratives et linguistiques<\/strong> propres \u00e0 l\u2019acc\u00e8s \u00e0 l\u2019enseignement sup\u00e9rieur dans le canton de Vaud.\n\nFond\u00e9e \u00e0 l&rsquo;automne 2017, <em>UNIL sans fronti\u00e8res<\/em> r\u00e9unit\u00a0 des membres de la communaut\u00e9 universitaire et des personnes externes. Elle s\u2019inscrit dans un mouvement plus large <strong>de d\u00e9fense et de promotion du droit d\u2019asile<\/strong> en Suisse, ainsi que de soutien et de solidarit\u00e9 avec les personnes en situation d\u2019exil. <em>UNIL sans fronti\u00e8res <\/em>trouve son origine dans les journ\u00e9es organis\u00e9es dans les murs de l\u2019UNIL en mars 2016. L\u2019association s\u2019inscrit dans les r\u00e9flexions sur l\u2019asile men\u00e9es dans le canton de Vaud depuis de nombreuses ann\u00e9es, et plus r\u00e9cemment par le <a href=\"https:\/\/www.desobeissons.ch\/\"><strong>Collectif R<\/strong> <\/a>contre les accords de Dublin.\n<h2 style=\"text-align: center\" align=\"justify\"><strong style=\"color: #55a1d4\">Pour recevoir plus d&rsquo;actualit\u00e9s, visitez et likez notre <\/strong><a style=\"color: #55a1d4\" href=\"https:\/\/www.facebook.com\/Unil-sans-fronti%C3%A8res-211953469343192\/\"><strong>page facebook<\/strong><\/a><\/h2>\n<img alt=\"\" loading=\"lazy\" decoding=\"async\" class=\" wp-image-530 aligncenter\" src=\"https:\/\/www.asso-unil.ch\/unilsansfrontieres\/files\/2020\/12\/777-1-300x75.jpg\" alt=\"\" width=\"572\" height=\"143\" srcset=\"https:\/\/www.asso-unil.ch\/unilsansfrontieres\/files\/2020\/12\/777-1-300x75.jpg 300w, https:\/\/www.asso-unil.ch\/unilsansfrontieres\/files\/2020\/12\/777-1-768x191.jpg 768w, https:\/\/www.asso-unil.ch\/unilsansfrontieres\/files\/2020\/12\/777-1.jpg 974w\" sizes=\"auto, (max-width: 572px) 100vw, 572px\" \/>\n\n<!-- wp:paragraph -->\n\n<!-- \/wp:paragraph -->","protected":false},"excerpt":{"rendered":"<p>Un aide pour les personnes en situation d&rsquo;exil pour acc\u00e9der \u00e0 une formation \u00e0 l&rsquo;Unil ou la terminer L\u2019association UNIL sans fronti\u00e8res offre un aide aux personnes en situation d&rsquo;exil &hellip; <\/p>\n<p class=\"link-more\"><a href=\"https:\/\/www.asso-unil.ch\/unilsansfrontieres\/\" class=\"more-link\">Continuer la lecture<span class=\"screen-reader-text\"> de &laquo;&nbsp;Bienvenue&nbsp;&raquo;<\/span><\/a><\/p>\n","protected":false},"author":6,"featured_media":309,"parent":0,"menu_order":0,"comment_status":"closed","ping_status":"closed","template":"","meta":{"_seopress_robots_primary_cat":"","_seopress_titles_title":"","_seopress_titles_desc":"","_seopress_robots_index":"","footnotes":""},"class_list":["post-7","page","type-page","status-publish","has-post-thumbnail"],"_links":{"self":[{"href":"https:\/\/www.asso-unil.ch\/unilsansfrontieres\/wp-json\/wp\/v2\/pages\/7","targetHints":{"allow":["GET"]}}],"collection":[{"href":"https:\/\/www.asso-unil.ch\/unilsansfrontieres\/wp-json\/wp\/v2\/pages"}],"about":[{"href":"https:\/\/www.asso-unil.ch\/unilsansfrontieres\/wp-json\/wp\/v2\/types\/page"}],"author":[{"embeddable":true,"href":"https:\/\/www.asso-unil.ch\/unilsansfrontieres\/wp-json\/wp\/v2\/users\/6"}],"replies":[{"embeddable":true,"href":"https:\/\/www.asso-unil.ch\/unilsansfrontieres\/wp-json\/wp\/v2\/comments?post=7"}],"version-history":[{"count":0,"href":"https:\/\/www.asso-unil.ch\/unilsansfrontieres\/wp-json\/wp\/v2\/pages\/7\/revisions"}],"wp:featuredmedia":[{"embeddable":true,"href":"https:\/\/www.asso-unil.ch\/unilsansfrontieres\/wp-json\/wp\/v2\/media\/309"}],"wp:attachment":[{"href":"https:\/\/www.asso-unil.ch\/unilsansfrontieres\/wp-json\/wp\/v2\/media?parent=7"}],"curies":[{"name":"wp","href":"https:\/\/api.w.org\/{rel}","templated":true}]}}