{"id":136,"date":"2018-06-05T11:08:19","date_gmt":"2018-06-05T09:08:19","guid":{"rendered":"http:\/\/www.asso-unil.ch\/unilsansfrontieres\/?page_id=136"},"modified":"2020-12-23T11:37:45","modified_gmt":"2020-12-23T10:37:45","slug":"prises-de-position-politiques","status":"publish","type":"page","link":"https:\/\/www.asso-unil.ch\/unilsansfrontieres\/prises-de-position-politiques\/","title":{"rendered":"Prises de position politiques"},"content":{"rendered":"<ul>\n<li>le <a href=\"https:\/\/www.asso-unil.ch\/unilsansfrontieres\/files\/2020\/12\/Rapport-du-Conseil-dEtat-au-Grand-conseil.pdf\">Rapport du Conseil d&rsquo;Etat au Grand conseil<\/a> de novembre 2020 sur le postulat de <a href=\"https:\/\/www.julien-eggenberger.ch\/\">Julien Eggenberger<\/a> (PS) : \u00ab Faciliter la poursuite des \u00e9tudes pour les \u00e9tudiant-e-s avec statut de r\u00e9fugi\u00e9 et leur acc\u00e8s aux Hautes \u00e9coles \u00bb<\/li>\n<li><a title=\"Eggenberger\" href=\"https:\/\/unilsf.files.wordpress.com\/2018\/03\/eggenberger.pdf\">le postulat<\/a> d\u00e9pos\u00e9 au Grand conseil vaudois en mars 2017 par <a href=\"https:\/\/www.julien-eggenberger.ch\/\">Julien Eggenberger <\/a>(PS)<\/li>\n<li><a href=\"https:\/\/www.parlament.ch\/fr\/ratsbetrieb\/suche-curia-vista\/geschaeft?AffairId=20163406\">la motion parlementaire<\/a> d\u00e9pos\u00e9e par <a href=\"https:\/\/www.mathiasreynard.ch\/\">Mathias Reynard<\/a> (PS) en 2016.<\/li>\n<\/ul>\n","protected":false},"excerpt":{"rendered":"<p>le Rapport du Conseil d&rsquo;Etat au Grand conseil de novembre 2020 sur le postulat de Julien Eggenberger (PS) : \u00ab Faciliter la poursuite des \u00e9tudes pour les \u00e9tudiant-e-s avec statut &hellip; <\/p>\n<p class=\"link-more\"><a href=\"https:\/\/www.asso-unil.ch\/unilsansfrontieres\/prises-de-position-politiques\/\" class=\"more-link\">Continuer la lecture<span class=\"screen-reader-text\"> de &laquo;&nbsp;Prises de position politiques&nbsp;&raquo;<\/span><\/a><\/p>\n","protected":false},"author":1001138,"featured_media":0,"parent":0,"menu_order":0,"comment_status":"closed","ping_status":"closed","template":"","meta":{"_seopress_robots_primary_cat":"","_seopress_titles_title":"","_seopress_titles_desc":"","_seopress_robots_index":"","footnotes":""},"class_list":["post-136","page","type-page","status-publish"],"_links":{"self":[{"href":"https:\/\/www.asso-unil.ch\/unilsansfrontieres\/wp-json\/wp\/v2\/pages\/136","targetHints":{"allow":["GET"]}}],"collection":[{"href":"https:\/\/www.asso-unil.ch\/unilsansfrontieres\/wp-json\/wp\/v2\/pages"}],"about":[{"href":"https:\/\/www.asso-unil.ch\/unilsansfrontieres\/wp-json\/wp\/v2\/types\/page"}],"author":[{"embeddable":true,"href":"https:\/\/www.asso-unil.ch\/unilsansfrontieres\/wp-json\/wp\/v2\/users\/1001138"}],"replies":[{"embeddable":true,"href":"https:\/\/www.asso-unil.ch\/unilsansfrontieres\/wp-json\/wp\/v2\/comments?post=136"}],"version-history":[{"count":0,"href":"https:\/\/www.asso-unil.ch\/unilsansfrontieres\/wp-json\/wp\/v2\/pages\/136\/revisions"}],"wp:attachment":[{"href":"https:\/\/www.asso-unil.ch\/unilsansfrontieres\/wp-json\/wp\/v2\/media?parent=136"}],"curies":[{"name":"wp","href":"https:\/\/api.w.org\/{rel}","templated":true}]}}