{"id":116,"date":"2018-06-05T11:00:56","date_gmt":"2018-06-05T09:00:56","guid":{"rendered":"http:\/\/www.asso-unil.ch\/unilsansfrontieres\/?page_id=116"},"modified":"2021-01-22T12:52:49","modified_gmt":"2021-01-22T11:52:49","slug":"langue","status":"publish","type":"page","link":"https:\/\/www.asso-unil.ch\/unilsansfrontieres\/langue\/","title":{"rendered":"Tutorat"},"content":{"rendered":"<div align=\"justify\">\n<h1><span style=\"color: #3592c4\"><b>Nous cherchons des tutrice.teurs pour le SP2021<\/b><\/span><\/h1>\n<p>Le projet de tutorat a pour but d&rsquo;offrir aux personnes en situation d&rsquo;exil un soutien b\u00e9n\u00e9vole pendant ou en vue de leurs \u00e9tudes acad\u00e9miques. Nous mettons en contact un \u00e9tudiant.e ou aspirant \u00e9tudiant.e. en situation d&rsquo;exil avec un membre exp\u00e9riment\u00e9.e de la communaut\u00e9 universitaire de l&rsquo;Unil. L&rsquo;objectif principal est d&rsquo;offrir aux \u00e9tudiant.e.s en situation d&rsquo;exil des moyens pour am\u00e9liorer leur mani\u00e8re d&rsquo;agir et d&rsquo;interagir dans le cadre de leurs \u00e9tudes. Cela implique par exemple d&rsquo;acqu\u00e9rir des comp\u00e9tences en fran\u00e7ais plus en ad\u00e9quation avec les attentes de l&rsquo;institution universitaire ou de s&rsquo;approprier les r\u00e8gles plus ou moins explicites qui r\u00e9gissent la vie universitaire. Aussi, nous d\u00e9sirons cr\u00e9er pour toutes et tous une opportunit\u00e9 pour \u00e9largir son propre r\u00e9seau d&rsquo;ami.e.s. Le tutorat ne remplace pas les cours ou l&rsquo;accompagnement \u00e9ventuellement fournis par l&rsquo;Universit\u00e9 ou les acteurs en charge de l&rsquo;int\u00e9gration.<\/p>\n<p style=\"text-align: center\"><strong>Tu veux rencontrer un.e tutrice.teur ? <\/strong>Inscris-toi par e-mail <a href=\"mailto:unilsansfrontieres@asso-unil.ch\"><span id=\"LPNoLP\">unilsansfrontieres@asso-unil.ch<\/span>\u00a0<\/a><\/p>\n<p style=\"text-align: center\"><strong>Tu veux \u00eatre tutrice.teur ?<\/strong> Inscris-toi sur le <a href=\"https:\/\/docs.google.com\/forms\/d\/e\/1FAIpQLSdl-OrPE06iefhlPldMTJcrq-yTguUzq5anhTL4TiJ29AlE7A\/viewform?fbclid=IwAR0X7rMvuP26wds52vJHZbRB-DRoaYFTbtBUKO-GUDrr5Gg7zL9cG6Xy5LM\">formulaire en ligne<\/a><\/p>\n<p>Les activit\u00e9s accomplies par les bin\u00f4mes sont tr\u00e8s diff\u00e9rentes. Ensemble, il s&rsquo;agit par exemple de<\/p>\n<ul>\n<li style=\"list-style-type: none\">\n<ul>\n<li>s&rsquo;exercer en vue de la passation de l&rsquo;examen B1 (niveau seuil pour l&rsquo;immatriculation)<\/li>\n<li>am\u00e9liorer la langue d&rsquo;un travail de s\u00e9minaire<\/li>\n<li>r\u00e9viser les math\u00e9matiques<\/li>\n<li>corriger des exercices<\/li>\n<li>visiter le campus<\/li>\n<li>participer \u00e0 un \u00e9v\u00e9nement culturel<\/li>\n<li>apprendre \u00e0 utiliser les plateformes MyUnil, Moodle, Zoom, le site de la BCU<\/li>\n<li>participer \u00e0 une s\u00e9ance d&rsquo;information<\/li>\n<li>prendre contact avec un enseignant.e<\/li>\n<\/ul>\n<\/li>\n<\/ul>\n<ul>\n<li style=\"list-style-type: none\"><\/li>\n<\/ul>\n<ul>\n<li style=\"list-style-type: none\"><\/li>\n<\/ul>\n<p>Nous souhaitons permettre aux deux membres du bin\u00f4me de vivre une exp\u00e9rience formatrice et agr\u00e9able. Pour cette raison, au moment de l&rsquo;inscription, nous \u00e9changeons avec chaque interess\u00e9.e pour conna\u00eetre ses pr\u00e9f\u00e9rences et si n\u00e9cessaire, r\u00e9digeons un plan d&rsquo;apprentissage personnalis\u00e9. Afin de cr\u00e9er un vrai lien, nous conseillons de se rencontrer une heure par semaine, en pr\u00e9sence physique ou virtuelle. Toutefois, dans le respect des attentes et des disponibilit\u00e9s de chacun.e, chaque bin\u00f4me est libre de s&rsquo;organiser comme il le souhaite. Les responsables du groupe restent \u00e0 disposition des participant.e.s pendant toute la dur\u00e9e du tutorat.<\/p>\n<p>Depuis d\u00e9cembre 2020, <em>UNIL sans fronti\u00e8res <\/em>organise ce projet en collaboration avec <a href=\"https:\/\/projet-paires.ch\/\" data-type=\"URL\" data-id=\"https:\/\/projet-paires.ch\/\">Projet PAIRES<\/a> &#8211; et en particulier sa <a href=\"https:\/\/www.asso-unil.ch\/paires\/\" data-type=\"URL\" data-id=\"https:\/\/m.facebook.com\/PAIRESUNIL\/\">branche Unil<\/a> &#8211; et avec \u00ab\u00a0<a href=\"https:\/\/www.metislausanne.ch\/jef-jeunes-en-formation\/\">Jeunes en formation<\/a>\u00a0\u00bb de l&rsquo;association <a href=\"https:\/\/www.metislausanne.ch\/association\/\" data-type=\"URL\" data-id=\"https:\/\/www.metislausanne.ch\/association\/\">M.E.T.I.S.<\/a>, engag\u00e9s aussi pour les personnes en apprentissage.<\/p>\n<\/div>\n","protected":false},"excerpt":{"rendered":"<p>Nous cherchons des tutrice.teurs pour le SP2021 Le projet de tutorat a pour but d&rsquo;offrir aux personnes en situation d&rsquo;exil un soutien b\u00e9n\u00e9vole pendant ou en vue de leurs \u00e9tudes &hellip; <\/p>\n<p class=\"link-more\"><a href=\"https:\/\/www.asso-unil.ch\/unilsansfrontieres\/langue\/\" class=\"more-link\">Continuer la lecture<span class=\"screen-reader-text\"> de &laquo;&nbsp;Tutorat&nbsp;&raquo;<\/span><\/a><\/p>\n","protected":false},"author":1001138,"featured_media":370,"parent":0,"menu_order":0,"comment_status":"closed","ping_status":"closed","template":"","meta":{"_seopress_robots_primary_cat":"","_seopress_titles_title":"","_seopress_titles_desc":"","_seopress_robots_index":"","footnotes":""},"class_list":["post-116","page","type-page","status-publish","has-post-thumbnail"],"_links":{"self":[{"href":"https:\/\/www.asso-unil.ch\/unilsansfrontieres\/wp-json\/wp\/v2\/pages\/116","targetHints":{"allow":["GET"]}}],"collection":[{"href":"https:\/\/www.asso-unil.ch\/unilsansfrontieres\/wp-json\/wp\/v2\/pages"}],"about":[{"href":"https:\/\/www.asso-unil.ch\/unilsansfrontieres\/wp-json\/wp\/v2\/types\/page"}],"author":[{"embeddable":true,"href":"https:\/\/www.asso-unil.ch\/unilsansfrontieres\/wp-json\/wp\/v2\/users\/1001138"}],"replies":[{"embeddable":true,"href":"https:\/\/www.asso-unil.ch\/unilsansfrontieres\/wp-json\/wp\/v2\/comments?post=116"}],"version-history":[{"count":0,"href":"https:\/\/www.asso-unil.ch\/unilsansfrontieres\/wp-json\/wp\/v2\/pages\/116\/revisions"}],"wp:featuredmedia":[{"embeddable":true,"href":"https:\/\/www.asso-unil.ch\/unilsansfrontieres\/wp-json\/wp\/v2\/media\/370"}],"wp:attachment":[{"href":"https:\/\/www.asso-unil.ch\/unilsansfrontieres\/wp-json\/wp\/v2\/media?parent=116"}],"curies":[{"name":"wp","href":"https:\/\/api.w.org\/{rel}","templated":true}]}}