{"id":111,"date":"2018-06-05T11:00:56","date_gmt":"2018-06-05T09:00:56","guid":{"rendered":"http:\/\/www.asso-unil.ch\/unilsansfrontieres\/?page_id=111"},"modified":"2020-12-21T22:58:51","modified_gmt":"2020-12-21T21:58:51","slug":"sensibilisation-de-la-communaute-universitaire","status":"publish","type":"page","link":"https:\/\/www.asso-unil.ch\/unilsansfrontieres\/sensibilisation-de-la-communaute-universitaire\/","title":{"rendered":"Sensibilisation de la communaut\u00e9 universitaire"},"content":{"rendered":"\n<p>Ce groupe propose diff\u00e9rentes actions, seul ou en partenariat avec d&rsquo;autres associations, pour favoriser le dialogue et la mobilisation autour des questions de migrations. Il est \u00e9galement charg\u00e9 de multiplier les \u00e9v\u00e9nements sociaux pour rapprocher la communaut\u00e9 universitaire et les personnes en situation d\u2019exil et pour mieux valoriser les activit\u00e9s de l\u2019association.  Son objectif est de cr\u00e9er un lien entre la soci\u00e9t\u00e9 civile (en particulier universitaire) et la population migrante \u00e0 travers l&rsquo;organisation d&rsquo;\u00e9v\u00e9nements informels de partage d&rsquo;exp\u00e9riences, mais aussi par le biais de s\u00e9ances informatives sur la question migratoire en Europe et Suisse.<\/p>\n","protected":false},"excerpt":{"rendered":"<p>Ce groupe propose diff\u00e9rentes actions, seul ou en partenariat avec d&rsquo;autres associations, pour favoriser le dialogue et la mobilisation autour des questions de migrations. Il est \u00e9galement charg\u00e9 de multiplier &hellip; <\/p>\n<p class=\"link-more\"><a href=\"https:\/\/www.asso-unil.ch\/unilsansfrontieres\/sensibilisation-de-la-communaute-universitaire\/\" class=\"more-link\">Continuer la lecture<span class=\"screen-reader-text\"> de &laquo;&nbsp;Sensibilisation de la communaut\u00e9 universitaire&nbsp;&raquo;<\/span><\/a><\/p>\n","protected":false},"author":1001138,"featured_media":392,"parent":0,"menu_order":0,"comment_status":"closed","ping_status":"closed","template":"","meta":{"_seopress_robots_primary_cat":"","_seopress_titles_title":"","_seopress_titles_desc":"","_seopress_robots_index":"","footnotes":""},"class_list":["post-111","page","type-page","status-publish","has-post-thumbnail"],"_links":{"self":[{"href":"https:\/\/www.asso-unil.ch\/unilsansfrontieres\/wp-json\/wp\/v2\/pages\/111","targetHints":{"allow":["GET"]}}],"collection":[{"href":"https:\/\/www.asso-unil.ch\/unilsansfrontieres\/wp-json\/wp\/v2\/pages"}],"about":[{"href":"https:\/\/www.asso-unil.ch\/unilsansfrontieres\/wp-json\/wp\/v2\/types\/page"}],"author":[{"embeddable":true,"href":"https:\/\/www.asso-unil.ch\/unilsansfrontieres\/wp-json\/wp\/v2\/users\/1001138"}],"replies":[{"embeddable":true,"href":"https:\/\/www.asso-unil.ch\/unilsansfrontieres\/wp-json\/wp\/v2\/comments?post=111"}],"version-history":[{"count":0,"href":"https:\/\/www.asso-unil.ch\/unilsansfrontieres\/wp-json\/wp\/v2\/pages\/111\/revisions"}],"wp:featuredmedia":[{"embeddable":true,"href":"https:\/\/www.asso-unil.ch\/unilsansfrontieres\/wp-json\/wp\/v2\/media\/392"}],"wp:attachment":[{"href":"https:\/\/www.asso-unil.ch\/unilsansfrontieres\/wp-json\/wp\/v2\/media?parent=111"}],"curies":[{"name":"wp","href":"https:\/\/api.w.org\/{rel}","templated":true}]}}