{"id":980,"date":"2024-06-12T17:20:23","date_gmt":"2024-06-12T15:20:23","guid":{"rendered":"https:\/\/www.asso-unil.ch\/talma\/?page_id=980"},"modified":"2024-06-12T17:47:53","modified_gmt":"2024-06-12T15:47:53","slug":"galeries-ploutos-dieu-du-pognon-printemps-2024","status":"publish","type":"page","link":"https:\/\/www.asso-unil.ch\/talma\/theatre\/archive-anciens-projets\/aristophane-ploutos-dieu-du-pognon\/galeries-ploutos-dieu-du-pognon-printemps-2024\/","title":{"rendered":"Galeries \u00ab\u00a0Ploutos, dieu du pognon\u00a0\u00bb, printemps 2024"},"content":{"rendered":"\n<p>Les photos de notre passage \u00e0 La Grange le 1er mai dans le cadre du Festival F\u00e9cule (\u00a9 Patrick S. Kelley)<\/p>\n\n\n\n<figure class=\"wp-block-gallery has-nested-images columns-default is-cropped wp-block-gallery-1 is-layout-flex wp-block-gallery-is-layout-flex\">\n<figure class=\"wp-block-image size-large\"><img alt=\"\" loading=\"lazy\" decoding=\"async\" width=\"683\" height=\"1024\" data-id=\"983\" src=\"https:\/\/www.asso-unil.ch\/talma\/files\/2024\/06\/ploutos-4-683x1024.jpg\" alt=\"\" class=\"wp-image-983\" srcset=\"https:\/\/www.asso-unil.ch\/talma\/files\/2024\/06\/ploutos-4-683x1024.jpg 683w, https:\/\/www.asso-unil.ch\/talma\/files\/2024\/06\/ploutos-4-200x300.jpg 200w, https:\/\/www.asso-unil.ch\/talma\/files\/2024\/06\/ploutos-4-768x1152.jpg 768w, https:\/\/www.asso-unil.ch\/talma\/files\/2024\/06\/ploutos-4.jpg 800w\" sizes=\"auto, (max-width: 683px) 100vw, 683px\" \/><figcaption class=\"wp-element-caption\">Ploutos et Chr\u00e9myle<\/figcaption><\/figure>\n\n\n\n<figure class=\"wp-block-image size-large\"><img alt=\"\" loading=\"lazy\" decoding=\"async\" width=\"1024\" height=\"683\" data-id=\"984\" src=\"https:\/\/www.asso-unil.ch\/talma\/files\/2024\/06\/ploutos-6-1024x683.jpg\" alt=\"\" class=\"wp-image-984\" srcset=\"https:\/\/www.asso-unil.ch\/talma\/files\/2024\/06\/ploutos-6-1024x683.jpg 1024w, https:\/\/www.asso-unil.ch\/talma\/files\/2024\/06\/ploutos-6-300x200.jpg 300w, https:\/\/www.asso-unil.ch\/talma\/files\/2024\/06\/ploutos-6-768x512.jpg 768w, https:\/\/www.asso-unil.ch\/talma\/files\/2024\/06\/ploutos-6-1536x1024.jpg 1536w, https:\/\/www.asso-unil.ch\/talma\/files\/2024\/06\/ploutos-6.jpg 1800w\" sizes=\"auto, (max-width: 1024px) 100vw, 1024px\" \/><figcaption class=\"wp-element-caption\">Ploutos, Chr\u00e9myle et Carion<\/figcaption><\/figure>\n\n\n\n<figure class=\"wp-block-image size-large\"><img alt=\"\" loading=\"lazy\" decoding=\"async\" width=\"683\" height=\"1024\" data-id=\"985\" src=\"https:\/\/www.asso-unil.ch\/talma\/files\/2024\/06\/ploutos-9-683x1024.jpg\" alt=\"\" class=\"wp-image-985\" srcset=\"https:\/\/www.asso-unil.ch\/talma\/files\/2024\/06\/ploutos-9-683x1024.jpg 683w, https:\/\/www.asso-unil.ch\/talma\/files\/2024\/06\/ploutos-9-200x300.jpg 200w, https:\/\/www.asso-unil.ch\/talma\/files\/2024\/06\/ploutos-9-768x1152.jpg 768w, https:\/\/www.asso-unil.ch\/talma\/files\/2024\/06\/ploutos-9.jpg 800w\" sizes=\"auto, (max-width: 683px) 100vw, 683px\" \/><figcaption class=\"wp-element-caption\">Le ch\u0153ur entourant Carion<\/figcaption><\/figure>\n\n\n\n<figure class=\"wp-block-image size-large\"><img alt=\"\" loading=\"lazy\" decoding=\"async\" width=\"1024\" height=\"683\" data-id=\"986\" src=\"https:\/\/www.asso-unil.ch\/talma\/files\/2024\/06\/ploutos-10-1024x683.jpg\" alt=\"\" class=\"wp-image-986\" srcset=\"https:\/\/www.asso-unil.ch\/talma\/files\/2024\/06\/ploutos-10-1024x683.jpg 1024w, https:\/\/www.asso-unil.ch\/talma\/files\/2024\/06\/ploutos-10-300x200.jpg 300w, https:\/\/www.asso-unil.ch\/talma\/files\/2024\/06\/ploutos-10-768x512.jpg 768w, https:\/\/www.asso-unil.ch\/talma\/files\/2024\/06\/ploutos-10-1536x1024.jpg 1536w, https:\/\/www.asso-unil.ch\/talma\/files\/2024\/06\/ploutos-10.jpg 1800w\" sizes=\"auto, (max-width: 1024px) 100vw, 1024px\" \/><figcaption class=\"wp-element-caption\">Le ch\u0153ur men\u00e9 par Chr\u00e9myle<\/figcaption><\/figure>\n\n\n\n<figure class=\"wp-block-image size-large\"><img alt=\"\" loading=\"lazy\" decoding=\"async\" width=\"1024\" height=\"683\" data-id=\"992\" src=\"https:\/\/www.asso-unil.ch\/talma\/files\/2024\/06\/ploutos-30-1024x683.jpg\" alt=\"\" class=\"wp-image-992\" srcset=\"https:\/\/www.asso-unil.ch\/talma\/files\/2024\/06\/ploutos-30-1024x683.jpg 1024w, https:\/\/www.asso-unil.ch\/talma\/files\/2024\/06\/ploutos-30-300x200.jpg 300w, https:\/\/www.asso-unil.ch\/talma\/files\/2024\/06\/ploutos-30-768x512.jpg 768w, https:\/\/www.asso-unil.ch\/talma\/files\/2024\/06\/ploutos-30-1536x1024.jpg 1536w, https:\/\/www.asso-unil.ch\/talma\/files\/2024\/06\/ploutos-30.jpg 1800w\" sizes=\"auto, (max-width: 1024px) 100vw, 1024px\" \/><figcaption class=\"wp-element-caption\">Le ch\u0153ur et le pr\u00eatre de Zeus<\/figcaption><\/figure>\n\n\n\n<figure class=\"wp-block-image size-large\"><img alt=\"\" loading=\"lazy\" decoding=\"async\" width=\"1024\" height=\"683\" data-id=\"991\" src=\"https:\/\/www.asso-unil.ch\/talma\/files\/2024\/06\/ploutos-28-1024x683.jpg\" alt=\"\" class=\"wp-image-991\" srcset=\"https:\/\/www.asso-unil.ch\/talma\/files\/2024\/06\/ploutos-28-1024x683.jpg 1024w, https:\/\/www.asso-unil.ch\/talma\/files\/2024\/06\/ploutos-28-300x200.jpg 300w, https:\/\/www.asso-unil.ch\/talma\/files\/2024\/06\/ploutos-28-768x512.jpg 768w, https:\/\/www.asso-unil.ch\/talma\/files\/2024\/06\/ploutos-28-1536x1024.jpg 1536w, https:\/\/www.asso-unil.ch\/talma\/files\/2024\/06\/ploutos-28.jpg 1800w\" sizes=\"auto, (max-width: 1024px) 100vw, 1024px\" \/><figcaption class=\"wp-element-caption\">Le ch\u0153ur chante et danse<\/figcaption><\/figure>\n\n\n\n<figure class=\"wp-block-image size-large\"><img alt=\"\" loading=\"lazy\" decoding=\"async\" width=\"1024\" height=\"683\" data-id=\"990\" src=\"https:\/\/www.asso-unil.ch\/talma\/files\/2024\/06\/ploutos-25-1024x683.jpg\" alt=\"\" class=\"wp-image-990\" srcset=\"https:\/\/www.asso-unil.ch\/talma\/files\/2024\/06\/ploutos-25-1024x683.jpg 1024w, https:\/\/www.asso-unil.ch\/talma\/files\/2024\/06\/ploutos-25-300x200.jpg 300w, https:\/\/www.asso-unil.ch\/talma\/files\/2024\/06\/ploutos-25-768x512.jpg 768w, https:\/\/www.asso-unil.ch\/talma\/files\/2024\/06\/ploutos-25-1536x1024.jpg 1536w, https:\/\/www.asso-unil.ch\/talma\/files\/2024\/06\/ploutos-25.jpg 1800w\" sizes=\"auto, (max-width: 1024px) 100vw, 1024px\" \/><figcaption class=\"wp-element-caption\">Le jeune homme, Chr\u00e9myle et la vieille<\/figcaption><\/figure>\n\n\n\n<figure class=\"wp-block-image size-large\"><img alt=\"\" loading=\"lazy\" decoding=\"async\" width=\"1024\" height=\"683\" data-id=\"989\" src=\"https:\/\/www.asso-unil.ch\/talma\/files\/2024\/06\/ploutos-24-1024x683.jpg\" alt=\"\" class=\"wp-image-989\" srcset=\"https:\/\/www.asso-unil.ch\/talma\/files\/2024\/06\/ploutos-24-1024x683.jpg 1024w, https:\/\/www.asso-unil.ch\/talma\/files\/2024\/06\/ploutos-24-300x200.jpg 300w, https:\/\/www.asso-unil.ch\/talma\/files\/2024\/06\/ploutos-24-768x512.jpg 768w, https:\/\/www.asso-unil.ch\/talma\/files\/2024\/06\/ploutos-24-1536x1024.jpg 1536w, https:\/\/www.asso-unil.ch\/talma\/files\/2024\/06\/ploutos-24.jpg 1800w\" sizes=\"auto, (max-width: 1024px) 100vw, 1024px\" \/><figcaption class=\"wp-element-caption\">Chr\u00e9myle et la Vieille<\/figcaption><\/figure>\n\n\n\n<figure class=\"wp-block-image size-large\"><img alt=\"\" loading=\"lazy\" decoding=\"async\" width=\"1024\" height=\"683\" data-id=\"988\" src=\"https:\/\/www.asso-unil.ch\/talma\/files\/2024\/06\/ploutos-22-1024x683.jpg\" alt=\"\" class=\"wp-image-988\" srcset=\"https:\/\/www.asso-unil.ch\/talma\/files\/2024\/06\/ploutos-22-1024x683.jpg 1024w, https:\/\/www.asso-unil.ch\/talma\/files\/2024\/06\/ploutos-22-300x200.jpg 300w, https:\/\/www.asso-unil.ch\/talma\/files\/2024\/06\/ploutos-22-768x512.jpg 768w, https:\/\/www.asso-unil.ch\/talma\/files\/2024\/06\/ploutos-22-1536x1024.jpg 1536w, https:\/\/www.asso-unil.ch\/talma\/files\/2024\/06\/ploutos-22.jpg 1800w\" sizes=\"auto, (max-width: 1024px) 100vw, 1024px\" \/><figcaption class=\"wp-element-caption\">Ploutos (ce BG)<\/figcaption><\/figure>\n<\/figure>\n\n\n\n<p><\/p>\n\n\n\n<p>Les photos de notre passage \u00e0 Grenoble dans de le cadre d&rsquo;un colloque sur le Ploutos d&rsquo;Aristophane (\u00a9 Michel Morin)<\/p>\n\n\n\n<figure class=\"wp-block-gallery has-nested-images columns-default is-cropped wp-block-gallery-2 is-layout-flex wp-block-gallery-is-layout-flex\">\n<figure class=\"wp-block-image size-large\"><img alt=\"\" loading=\"lazy\" decoding=\"async\" width=\"1024\" height=\"681\" data-id=\"999\" src=\"https:\/\/www.asso-unil.ch\/talma\/files\/2024\/06\/DSC_6544-1024x681.jpg\" alt=\"\" class=\"wp-image-999\" srcset=\"https:\/\/www.asso-unil.ch\/talma\/files\/2024\/06\/DSC_6544-1024x681.jpg 1024w, https:\/\/www.asso-unil.ch\/talma\/files\/2024\/06\/DSC_6544-300x200.jpg 300w, https:\/\/www.asso-unil.ch\/talma\/files\/2024\/06\/DSC_6544-768x511.jpg 768w, https:\/\/www.asso-unil.ch\/talma\/files\/2024\/06\/DSC_6544-1536x1022.jpg 1536w, https:\/\/www.asso-unil.ch\/talma\/files\/2024\/06\/DSC_6544.jpg 1804w\" sizes=\"auto, (max-width: 1024px) 100vw, 1024px\" \/><\/figure>\n\n\n\n<figure class=\"wp-block-image size-large\"><img alt=\"\" loading=\"lazy\" decoding=\"async\" width=\"1024\" height=\"681\" data-id=\"998\" src=\"https:\/\/www.asso-unil.ch\/talma\/files\/2024\/06\/DSC_6537-1024x681.jpg\" alt=\"\" class=\"wp-image-998\" srcset=\"https:\/\/www.asso-unil.ch\/talma\/files\/2024\/06\/DSC_6537-1024x681.jpg 1024w, https:\/\/www.asso-unil.ch\/talma\/files\/2024\/06\/DSC_6537-300x200.jpg 300w, https:\/\/www.asso-unil.ch\/talma\/files\/2024\/06\/DSC_6537-768x511.jpg 768w, https:\/\/www.asso-unil.ch\/talma\/files\/2024\/06\/DSC_6537-1536x1022.jpg 1536w, https:\/\/www.asso-unil.ch\/talma\/files\/2024\/06\/DSC_6537.jpg 1804w\" sizes=\"auto, (max-width: 1024px) 100vw, 1024px\" \/><\/figure>\n\n\n\n<figure class=\"wp-block-image size-large\"><img alt=\"\" loading=\"lazy\" decoding=\"async\" width=\"1024\" height=\"681\" data-id=\"1000\" src=\"https:\/\/www.asso-unil.ch\/talma\/files\/2024\/06\/DSC_6554-1024x681.jpg\" alt=\"\" class=\"wp-image-1000\" srcset=\"https:\/\/www.asso-unil.ch\/talma\/files\/2024\/06\/DSC_6554-1024x681.jpg 1024w, https:\/\/www.asso-unil.ch\/talma\/files\/2024\/06\/DSC_6554-300x200.jpg 300w, https:\/\/www.asso-unil.ch\/talma\/files\/2024\/06\/DSC_6554-768x511.jpg 768w, https:\/\/www.asso-unil.ch\/talma\/files\/2024\/06\/DSC_6554-1536x1022.jpg 1536w, https:\/\/www.asso-unil.ch\/talma\/files\/2024\/06\/DSC_6554.jpg 1804w\" sizes=\"auto, (max-width: 1024px) 100vw, 1024px\" \/><\/figure>\n\n\n\n<figure class=\"wp-block-image size-large\"><img alt=\"\" loading=\"lazy\" decoding=\"async\" width=\"1024\" height=\"681\" data-id=\"1001\" src=\"https:\/\/www.asso-unil.ch\/talma\/files\/2024\/06\/DSC_6556-1024x681.jpg\" alt=\"\" class=\"wp-image-1001\" srcset=\"https:\/\/www.asso-unil.ch\/talma\/files\/2024\/06\/DSC_6556-1024x681.jpg 1024w, https:\/\/www.asso-unil.ch\/talma\/files\/2024\/06\/DSC_6556-300x200.jpg 300w, https:\/\/www.asso-unil.ch\/talma\/files\/2024\/06\/DSC_6556-768x511.jpg 768w, https:\/\/www.asso-unil.ch\/talma\/files\/2024\/06\/DSC_6556-1536x1022.jpg 1536w, https:\/\/www.asso-unil.ch\/talma\/files\/2024\/06\/DSC_6556.jpg 1804w\" sizes=\"auto, (max-width: 1024px) 100vw, 1024px\" \/><\/figure>\n\n\n\n<figure class=\"wp-block-image size-large\"><img alt=\"\" loading=\"lazy\" decoding=\"async\" width=\"1024\" height=\"681\" data-id=\"1002\" src=\"https:\/\/www.asso-unil.ch\/talma\/files\/2024\/06\/DSC_6562-1024x681.jpg\" alt=\"\" class=\"wp-image-1002\" srcset=\"https:\/\/www.asso-unil.ch\/talma\/files\/2024\/06\/DSC_6562-1024x681.jpg 1024w, https:\/\/www.asso-unil.ch\/talma\/files\/2024\/06\/DSC_6562-300x200.jpg 300w, https:\/\/www.asso-unil.ch\/talma\/files\/2024\/06\/DSC_6562-768x511.jpg 768w, https:\/\/www.asso-unil.ch\/talma\/files\/2024\/06\/DSC_6562-1536x1022.jpg 1536w, https:\/\/www.asso-unil.ch\/talma\/files\/2024\/06\/DSC_6562.jpg 1804w\" sizes=\"auto, (max-width: 1024px) 100vw, 1024px\" \/><\/figure>\n\n\n\n<figure class=\"wp-block-image size-large\"><img alt=\"\" loading=\"lazy\" decoding=\"async\" width=\"1024\" height=\"682\" data-id=\"1006\" src=\"https:\/\/www.asso-unil.ch\/talma\/files\/2024\/06\/DSC_6575-1024x682.jpg\" alt=\"\" class=\"wp-image-1006\" srcset=\"https:\/\/www.asso-unil.ch\/talma\/files\/2024\/06\/DSC_6575-1024x682.jpg 1024w, https:\/\/www.asso-unil.ch\/talma\/files\/2024\/06\/DSC_6575-300x200.jpg 300w, https:\/\/www.asso-unil.ch\/talma\/files\/2024\/06\/DSC_6575-768x511.jpg 768w, https:\/\/www.asso-unil.ch\/talma\/files\/2024\/06\/DSC_6575-1536x1022.jpg 1536w, https:\/\/www.asso-unil.ch\/talma\/files\/2024\/06\/DSC_6575.jpg 1803w\" sizes=\"auto, (max-width: 1024px) 100vw, 1024px\" \/><\/figure>\n\n\n\n<figure class=\"wp-block-image size-large\"><img alt=\"\" loading=\"lazy\" decoding=\"async\" width=\"1024\" height=\"681\" data-id=\"1003\" src=\"https:\/\/www.asso-unil.ch\/talma\/files\/2024\/06\/DSC_6573-1024x681.jpg\" alt=\"\" class=\"wp-image-1003\" srcset=\"https:\/\/www.asso-unil.ch\/talma\/files\/2024\/06\/DSC_6573-1024x681.jpg 1024w, https:\/\/www.asso-unil.ch\/talma\/files\/2024\/06\/DSC_6573-300x200.jpg 300w, https:\/\/www.asso-unil.ch\/talma\/files\/2024\/06\/DSC_6573-768x511.jpg 768w, https:\/\/www.asso-unil.ch\/talma\/files\/2024\/06\/DSC_6573-1536x1022.jpg 1536w, https:\/\/www.asso-unil.ch\/talma\/files\/2024\/06\/DSC_6573.jpg 1804w\" sizes=\"auto, (max-width: 1024px) 100vw, 1024px\" \/><\/figure>\n\n\n\n<figure class=\"wp-block-image size-large\"><img alt=\"\" loading=\"lazy\" decoding=\"async\" width=\"1024\" height=\"681\" data-id=\"1007\" src=\"https:\/\/www.asso-unil.ch\/talma\/files\/2024\/06\/DSC_6576-1024x681.jpg\" alt=\"\" class=\"wp-image-1007\" srcset=\"https:\/\/www.asso-unil.ch\/talma\/files\/2024\/06\/DSC_6576-1024x681.jpg 1024w, https:\/\/www.asso-unil.ch\/talma\/files\/2024\/06\/DSC_6576-300x200.jpg 300w, https:\/\/www.asso-unil.ch\/talma\/files\/2024\/06\/DSC_6576-768x511.jpg 768w, https:\/\/www.asso-unil.ch\/talma\/files\/2024\/06\/DSC_6576-1536x1022.jpg 1536w, https:\/\/www.asso-unil.ch\/talma\/files\/2024\/06\/DSC_6576.jpg 1804w\" sizes=\"auto, (max-width: 1024px) 100vw, 1024px\" \/><\/figure>\n\n\n\n<figure class=\"wp-block-image size-large\"><img alt=\"\" loading=\"lazy\" decoding=\"async\" width=\"1024\" height=\"682\" data-id=\"1008\" src=\"https:\/\/www.asso-unil.ch\/talma\/files\/2024\/06\/DSC_6583-1024x682.jpg\" alt=\"\" class=\"wp-image-1008\" srcset=\"https:\/\/www.asso-unil.ch\/talma\/files\/2024\/06\/DSC_6583-1024x682.jpg 1024w, https:\/\/www.asso-unil.ch\/talma\/files\/2024\/06\/DSC_6583-300x200.jpg 300w, https:\/\/www.asso-unil.ch\/talma\/files\/2024\/06\/DSC_6583-768x511.jpg 768w, https:\/\/www.asso-unil.ch\/talma\/files\/2024\/06\/DSC_6583-1536x1022.jpg 1536w, https:\/\/www.asso-unil.ch\/talma\/files\/2024\/06\/DSC_6583.jpg 1803w\" sizes=\"auto, (max-width: 1024px) 100vw, 1024px\" \/><\/figure>\n<\/figure>\n","protected":false},"excerpt":{"rendered":"<p>Les photos de notre passage \u00e0 La Grange le 1er mai dans le cadre du Festival F\u00e9cule (\u00a9 Patrick S. Kelley) Les photos de notre passage \u00e0 Grenoble dans de le cadre d&rsquo;un colloque sur le Ploutos d&rsquo;Aristophane (\u00a9 Michel<\/p>\n","protected":false},"author":1001311,"featured_media":0,"parent":934,"menu_order":0,"comment_status":"closed","ping_status":"closed","template":"","meta":{"_seopress_robots_primary_cat":"","_seopress_titles_title":"","_seopress_titles_desc":"","_seopress_robots_index":"","footnotes":""},"class_list":["post-980","page","type-page","status-publish"],"_links":{"self":[{"href":"https:\/\/www.asso-unil.ch\/talma\/wp-json\/wp\/v2\/pages\/980","targetHints":{"allow":["GET"]}}],"collection":[{"href":"https:\/\/www.asso-unil.ch\/talma\/wp-json\/wp\/v2\/pages"}],"about":[{"href":"https:\/\/www.asso-unil.ch\/talma\/wp-json\/wp\/v2\/types\/page"}],"author":[{"embeddable":true,"href":"https:\/\/www.asso-unil.ch\/talma\/wp-json\/wp\/v2\/users\/1001311"}],"replies":[{"embeddable":true,"href":"https:\/\/www.asso-unil.ch\/talma\/wp-json\/wp\/v2\/comments?post=980"}],"version-history":[{"count":4,"href":"https:\/\/www.asso-unil.ch\/talma\/wp-json\/wp\/v2\/pages\/980\/revisions"}],"predecessor-version":[{"id":1009,"href":"https:\/\/www.asso-unil.ch\/talma\/wp-json\/wp\/v2\/pages\/980\/revisions\/1009"}],"up":[{"embeddable":true,"href":"https:\/\/www.asso-unil.ch\/talma\/wp-json\/wp\/v2\/pages\/934"}],"wp:attachment":[{"href":"https:\/\/www.asso-unil.ch\/talma\/wp-json\/wp\/v2\/media?parent=980"}],"curies":[{"name":"wp","href":"https:\/\/api.w.org\/{rel}","templated":true}]}}