{"id":93,"date":"2012-03-03T15:48:26","date_gmt":"2012-03-03T14:48:26","guid":{"rendered":"http:\/\/www.asso-unil.ch\/grc\/?page_id=93"},"modified":"2012-03-03T22:28:15","modified_gmt":"2012-03-03T21:28:15","slug":"1988-2","status":"publish","type":"page","link":"https:\/\/www.asso-unil.ch\/grc\/archives-2\/colloques\/1988-2\/","title":{"rendered":"1988-1998"},"content":{"rendered":"<p><strong>Colloque 1988<\/strong><\/p>\n<p><span style=\"color: #0000ff\"><a title=\"Racisme et x\u00e9nophobie en Suisse\" href=\"https:\/\/www.asso-unil.ch\/grc\/2012\/03\/racisme-et-xenophobie-en-suisse\/\"><span style=\"color: #0000ff\">Racisme et x\u00e9nophobie en Suisse<br \/>\n<\/span><\/a><\/span>24 &#8211; 25 novembre 1988<\/p>\n<p><strong>Colloque 1989<\/strong><\/p>\n<p><span style=\"color: #0000ff\"><a title=\"Imp\u00e9rialisme et sous-d\u00e9veloppement\" href=\"https:\/\/www.asso-unil.ch\/grc\/2012\/03\/imperialisme-et-sous-developpement\/\"><span style=\"color: #0000ff\">Imp\u00e9rialisme et sous-d\u00e9veloppement<\/span><\/a><\/span><br \/>\n9 et 10 mai 1989<\/p>\n<p><span style=\"color: #0000ff\"><a title=\"Intifada. Etat des lieux\" href=\"https:\/\/www.asso-unil.ch\/grc\/2012\/03\/intifada-etat-des-lieux\/\"><span style=\"color: #0000ff\">Intifada. Etat des lieux<\/span><\/a><\/span><br \/>\n7 et 8 d\u00e9cembre 1989<\/p>\n<p><strong>Colloque 1990 <\/strong><\/p>\n<p><span style=\"color: #0000ff\"><a title=\"Swiss S.A\" href=\"https:\/\/www.asso-unil.ch\/grc\/2012\/03\/swiss-s-a\/\"><span style=\"color: #0000ff\">Swiss S.A<\/span><\/a><\/span><br \/>\n7 &#8211; 8 d\u00e9cembre 1990<\/p>\n<p><span style=\"color: #0000ff\"><a title=\"O\u00f9 va l\u2019Est?\" href=\"https:\/\/www.asso-unil.ch\/grc\/2012\/03\/ou-va-lest\/\"><span style=\"color: #0000ff\">O\u00f9 va l&rsquo;Est?<\/span><\/a><\/span><br \/>\n16 et 17 mai 1990<\/p>\n<p><span style=\"color: #0000ff\"><a title=\"Femmes, le mauvais genre?\" href=\"https:\/\/www.asso-unil.ch\/grc\/2012\/03\/femmes-le-mauvais-genre\/\"><span style=\"color: #0000ff\">Femmes, le mauvais genre?<\/span><\/a><\/span><br \/>\n5 et 6 d\u00e9cembre 1990<\/p>\n<p><strong>Colloque 1991<\/strong><\/p>\n<p><span style=\"color: #0000ff\"><a title=\"Le \u00ab\u00a0Nouvel Ordre Mondial\u00a0\u00bb au Moyen-Orient\" href=\"https:\/\/www.asso-unil.ch\/grc\/2012\/03\/le-nouvel-ordre-mondial-au-moyen-orient\/\"><span style=\"color: #0000ff\">Le \u00ab\u00a0Nouvel Ordre Mondial\u00a0\u00bb au Moyen-Orient<\/span><\/a><\/span><br \/>\n7 mai 1991<\/p>\n<p><strong>Colloque 1992<\/strong><\/p>\n<p><span style=\"color: #0000ff\"><a title=\"Ecologie et Tiers-Monde: Destinations communes\" href=\"https:\/\/www.asso-unil.ch\/grc\/2012\/03\/ecologie-et-tiers-monde-destinations-communes\/\"><span style=\"color: #0000ff\">Ecologie et Tiers-Monde<\/span><\/a><\/span><br \/>\n5 et 6 mai 1992<\/p>\n<p><span style=\"color: #0000ff\"><a title=\"Les origines de la crise \u00e9conomique actuelle\" href=\"https:\/\/www.asso-unil.ch\/grc\/2012\/03\/les-origines-de-la-crise-economique-actuelle\/\"><span style=\"color: #0000ff\">Les origines de la crise \u00e9conomique actuelle<br \/>\n<\/span><\/a><\/span>8 et 12 d\u00e9cembre 1992<\/p>\n<p><strong>Colloque 1993<\/strong><\/p>\n<p><span style=\"color: #0000ff\"><a title=\"Crise \u00e9conomique et exclusion sociale: Des pratiques aux discours\" href=\"https:\/\/www.asso-unil.ch\/grc\/2012\/03\/crise-economique-et-exclusion-sociale-des-pratiques-aux-discours\/\"><span style=\"color: #0000ff\">Crise \u00e9conomique et exclusion sociale: Des pratiques aux discours<br \/>\n<\/span><\/a><\/span>28 avril et 4-5 mai 1993<\/p>\n<p><strong>Colloque 1994<\/strong><\/p>\n<p><span style=\"color: #0000ff\"><a title=\"Objectif ville\" href=\"https:\/\/www.asso-unil.ch\/grc\/2012\/03\/objectif-ville\/\"><span style=\"color: #0000ff\">Objectif ville<\/span><\/a><strong><br \/>\n<\/strong><\/span>18-19 janvier 1994<strong><\/strong><\/p>\n<p><span style=\"color: #0000ff\"><a title=\"Les connexions d\u2019une d\u00e9connexion : L\u2019Afrique \u00e0 la d\u00e9rive\" href=\"https:\/\/www.asso-unil.ch\/grc\/2012\/03\/les-connexions-dune-deconnexion-lafrique-a-la-derive\/\"><span style=\"color: #0000ff\">Les connexions d&rsquo;une d\u00e9connexion: L&rsquo;Afrique \u00e0 la d\u00e9rive<br \/>\n<\/span><\/a><\/span>4 et 5 mai 1994<\/p>\n<p><span style=\"color: #0000ff\"><a title=\"Rwanda-Burundi : Pourquoi? Quel avenir?\" href=\"https:\/\/www.asso-unil.ch\/grc\/2012\/03\/rwanda-burundi-pourquoi-quel-avenir\/\"><span style=\"color: #0000ff\">Rwanda-Burundi: Pourquoi? Quel avenir?<br \/>\n<\/span><\/a><\/span>31 mai 1994<\/p>\n<p><strong>Colloque 1995<\/strong><\/p>\n<p><span style=\"color: #0000ff\"><a title=\"Mexique: un an apr\u00e8s\" href=\"https:\/\/www.asso-unil.ch\/grc\/2012\/03\/mexique-un-an-apres\/\"><span style=\"color: #0000ff\">Mexique: un an apr\u00e8s<br \/>\n<\/span><\/a><\/span>17-18 janvier 1995<br \/>\nEn collaboration avec l&rsquo;Association des EtudiantEs pour l&rsquo;Am\u00e9rique Latine &#8211; AEPAL<\/p>\n<p><span style=\"color: #0000ff\"><a title=\"Quel avenir pour le Sud? Bilan d\u2019une ann\u00e9 de l\u2019organisation mondiale du commerce (OMC)\" href=\"https:\/\/www.asso-unil.ch\/grc\/2012\/03\/quel-avenir-pour-le-sud-bilan-dune-anne-de-lorganisation-mondiale-du-commerce-omc\/\"><span style=\"color: #0000ff\">Quel avenir pour le Sud? Bilan d&rsquo;une ann\u00e9e de l&rsquo;organisation mondiale du commerce (OMC<\/span><\/a><\/span>)<br \/>\n17 novembre 1995<br \/>\n(en collaboration avec le CETIM, centre Europe-Tiers Monde de Gen\u00e8ve)<\/p>\n<p><span style=\"color: #0000ff\"><a title=\"Lib\u00e9ralisme en Am\u00e9rique latine: \u00e0 qui profitent les \u00e9checs?\" href=\"https:\/\/www.asso-unil.ch\/grc\/2012\/03\/liberalisme-en-amerique-latine-a-qui-profitent-les-echecs\/\"><span style=\"color: #0000ff\">Lib\u00e9ralisme en Am\u00e9rique latine: \u00e0 qui profitent les \u00e9checs?<br \/>\n<\/span><\/a><\/span>11-15 mai 1995<br \/>\nen collaboration avec l&rsquo; AEPAL<\/p>\n<p><strong>Colloque 1996<\/strong><\/p>\n<p><span style=\"color: #0000ff\"><a title=\"L\u2019ENFANT EXPLOITE : Entre mondialisation de l\u2019\u00e9conomie et travail des enfants\" href=\"https:\/\/www.asso-unil.ch\/grc\/2012\/03\/lenfant-exploite-entre-mondialisation-de-leconomie-et-travail-des-enfants\/\"><span style=\"color: #0000ff\">L&rsquo;enfant exploit\u00e9 : Entre mondialisation de l&rsquo;\u00e9conomie et travail des enfants<br \/>\n<\/span><\/a><\/span>Jeudi 25 Avril 1996<br \/>\nEspace Rencontre ZELIG (BFSH-2)<\/p>\n<p><strong>Colloque 1997<\/strong><\/p>\n<p><span style=\"color: #0000ff\"><a title=\"Vers l\u2019Europe de Maastricht ? A quel prix? Pour quel projet de soci\u00e9t\u00e9?\" href=\"https:\/\/www.asso-unil.ch\/grc\/2012\/03\/vers-leurope-de-maastricht-a-quel-prix-pour-quel-projet-de-societe\/\"><span style=\"color: #0000ff\">Vers l&rsquo;Europe de Maastricht? A quel prix? Pour quel projet de soci\u00e9t\u00e9?<br \/>\n<\/span><\/a><\/span>22 et 23 avril 1997<\/p>\n<p><strong>Colloque 1998<\/strong><\/p>\n<p><span style=\"color: #0000ff\"><a title=\"O\u00f9 va le travail? R\u00e9flexions sur le salariat et les r\u00e9formes de l\u2019organisation du travail\" href=\"https:\/\/www.asso-unil.ch\/grc\/2012\/03\/ou-va-le-travail-reflexions-sur-le-salariat-et-les-reformes-de-lorganisation-du-travail\/\"><span style=\"color: #0000ff\">O\u00f9 va le travail? R\u00e9flexions sur le salariat et les r\u00e9formes de l&rsquo;organisation du travail<br \/>\n<\/span><\/a><\/span>25 mars 1998<\/p>\n<p><span style=\"color: #0000ff\"><a title=\"LE \u00ab MOD\u00c8LE AM\u00c9RICAIN  \u00bb : Une perspective h\u00e9g\u00e9monique pour la fin du mill\u00e9naire ?\" href=\"https:\/\/www.asso-unil.ch\/grc\/2012\/03\/le-modele-americain-une-perspective-hegemonique-pour-la-fin-du-millenaire\/\"><span style=\"color: #0000ff\">Le \u00ab\u00a0Mod\u00e8le am\u00e9ricain \u00a0\u00bb : Une perspective h\u00e9g\u00e9monique pour la fin du mill\u00e9naire ?<\/span><\/a><strong><br \/>\n<\/strong><\/span>Mardi 12 mai 1998<strong><br \/>\n<\/strong><\/p>\n<p>&nbsp;<\/p>\n<p>&nbsp;<\/p>\n<p>&nbsp;<\/p>\n<p><strong><br \/>\n<\/strong><\/p>\n<p><strong><br \/>\n<\/strong><\/p>\n<p>&nbsp;<\/p>\n<p><strong><br \/>\n<\/strong><\/p>\n<p>&nbsp;<\/p>\n<p><strong><br \/>\n<\/strong><\/p>\n<p>&nbsp;<\/p>\n<p>&nbsp;<\/p>\n<p>&nbsp;<\/p>\n","protected":false},"excerpt":{"rendered":"<p>Colloque 1988 Racisme et x\u00e9nophobie en Suisse 24 &#8211; 25 novembre 1988 Colloque 1989 Imp\u00e9rialisme et sous-d\u00e9veloppement 9 et 10 mai 1989 Intifada. Etat des lieux 7 et 8 d\u00e9cembre &hellip; <\/p>\n","protected":false},"author":7,"featured_media":0,"parent":91,"menu_order":23,"comment_status":"closed","ping_status":"closed","template":"","meta":{"_seopress_robots_primary_cat":"","_seopress_titles_title":"","_seopress_titles_desc":"","_seopress_robots_index":"","footnotes":""},"class_list":["post-93","page","type-page","status-publish"],"_links":{"self":[{"href":"https:\/\/www.asso-unil.ch\/grc\/wp-json\/wp\/v2\/pages\/93","targetHints":{"allow":["GET"]}}],"collection":[{"href":"https:\/\/www.asso-unil.ch\/grc\/wp-json\/wp\/v2\/pages"}],"about":[{"href":"https:\/\/www.asso-unil.ch\/grc\/wp-json\/wp\/v2\/types\/page"}],"author":[{"embeddable":true,"href":"https:\/\/www.asso-unil.ch\/grc\/wp-json\/wp\/v2\/users\/7"}],"replies":[{"embeddable":true,"href":"https:\/\/www.asso-unil.ch\/grc\/wp-json\/wp\/v2\/comments?post=93"}],"version-history":[{"count":0,"href":"https:\/\/www.asso-unil.ch\/grc\/wp-json\/wp\/v2\/pages\/93\/revisions"}],"up":[{"embeddable":true,"href":"https:\/\/www.asso-unil.ch\/grc\/wp-json\/wp\/v2\/pages\/91"}],"wp:attachment":[{"href":"https:\/\/www.asso-unil.ch\/grc\/wp-json\/wp\/v2\/media?parent=93"}],"curies":[{"name":"wp","href":"https:\/\/api.w.org\/{rel}","templated":true}]}}