{"id":5794,"date":"2025-02-02T13:13:26","date_gmt":"2025-02-02T12:13:26","guid":{"rendered":"https:\/\/www.asso-unil.ch\/caverne\/?post_type=tribe_events&#038;p=5794"},"modified":"2025-02-02T13:13:26","modified_gmt":"2025-02-02T12:13:26","slug":"expo-evenement-carnets-dart-vernissage","status":"publish","type":"tribe_events","link":"https:\/\/www.asso-unil.ch\/caverne\/event\/expo-evenement-carnets-dart-vernissage\/","title":{"rendered":"Expo-\u00e9v\u00e8nement Carnets d&rsquo;Art &#8211; Vernissage"},"content":{"rendered":"<p><img alt=\"\" loading=\"lazy\" decoding=\"async\" class=\"wp-image-5797 alignright\" src=\"https:\/\/www.asso-unil.ch\/caverne\/files\/2025\/02\/expo-carnets-mise-en-place-300x300.jpg\" alt=\"\" width=\"294\" height=\"294\" data-wp-editing=\"1\" srcset=\"https:\/\/www.asso-unil.ch\/caverne\/files\/2025\/02\/expo-carnets-mise-en-place-300x300.jpg 300w, https:\/\/www.asso-unil.ch\/caverne\/files\/2025\/02\/expo-carnets-mise-en-place-150x150.jpg 150w, https:\/\/www.asso-unil.ch\/caverne\/files\/2025\/02\/expo-carnets-mise-en-place.jpg 1200w\" sizes=\"auto, (max-width: 294px) 100vw, 294px\" \/>Le Collectif <em>Les Carnettistes<\/em> se cr\u00e9e \u00e0 l\u2019occasion d\u2019une exposition-\u00e9v\u00e8nement centr\u00e9e sur les carnets d\u2019art ! Cette exposition, est une tentative de r\u00e9ponse \u00e0 cette question d\u2019actualit\u00e9 : comment et pourquoi continuer de faire de l\u2019art face aux Intelligences Artificielles g\u00e9n\u00e9ratrices d\u2019images ?<\/p>\n<p>Les artistes sont confront\u00e9s \u00e0 des changements cruciaux dans les modes de consommation de l\u2019art, \u00e0 l\u2019heure o\u00f9 nous avons acc\u00e8s \u00e0 du \u00ab\u00a0fini\u00a0\u00bb \u00e0 l\u2019infini, il convient pour nous d\u2019effectuer un virage, une remise en question de la mani\u00e8re dont nous proposons nos \u0153uvres au public. Une r\u00e9ponse possible \u00e0 tout ceci est de mettre au-devant de la sc\u00e8ne ce qui a longtemps \u00e9t\u00e9 rel\u00e9gu\u00e9 dans les confins des ateliers, les recoins des coulisses, au fond des tiroirs. Ce qui fait la valeur de nos productions, c\u2019est le temps, le c\u0153ur et l\u2019effort que nous y mettons. Retrouver l\u2019Humanit\u00e9 dans l\u2019Art, c\u2019est peut-\u00eatre retrouver l\u2019effort derri\u00e8re ce qui est achev\u00e9.<\/p>\n<p>Un objet bien connu de notre quotidien pourrait ais\u00e9ment incarner ce que nous nommons notre \u00ab\u00a0processus artistique\u00a0\u00bb, celui dont le cours s\u2019\u00e9tend parfois sur des ann\u00e9es, qui consiste en des erreurs, des projets inachev\u00e9s, des entrainements, des \u00e9chauffements\u2026 Le carnet.<\/p>\n<p>C\u2019est avec vuln\u00e9rabilit\u00e9 que les artistes montrent les hauts et les bas de leurs recherches cr\u00e9atives, des \u0153uvres inachev\u00e9es, des projets qui ne voient pas le jour, ou les stades adolescents de projets finis. C\u2019est une prise de risque qui a de grandes chances de toucher la corde sensible \u00e0 la fois des artistes et surtout du public, car elle tend \u00e0 exposer une certaine<em> v\u00e9rit\u00e9<\/em> qui se cache derri\u00e8re nos \u0153uvres finies, celles que l\u2019on expose sans trop se poser de question.<\/p>\n<p>Nous vous invitons \u00e0 ce moment de partage et de cr\u00e9ativit\u00e9 dans le cadre du Festival F\u00e9cule, vernissage le vendredi 16 mai 2025 \u00e0 18h, au foyer de la Grange,<\/p>\n<p>Les Carnettistes, Lauranne Pottier<\/p>\n","protected":false},"excerpt":{"rendered":"<p>Le Collectif Les Carnettistes se cr\u00e9e \u00e0 l\u2019occasion d\u2019une exposition-\u00e9v\u00e8nement centr\u00e9e sur les carnets d\u2019art ! Cette exposition, est une tentative de r\u00e9ponse \u00e0 cette question d\u2019actualit\u00e9 : comment et [&hellip;]<\/p>\n","protected":false},"author":1001316,"featured_media":0,"template":"","meta":{"_seopress_robots_primary_cat":"","_seopress_titles_title":"","_seopress_titles_desc":"","_seopress_robots_index":"","_tribe_events_status":"","_tribe_events_status_reason":"","footnotes":""},"tags":[],"tribe_events_cat":[35],"class_list":["post-5794","tribe_events","type-tribe_events","status-publish","tribe_events_cat-fecule","cat_fecule"],"_links":{"self":[{"href":"https:\/\/www.asso-unil.ch\/caverne\/wp-json\/wp\/v2\/tribe_events\/5794","targetHints":{"allow":["GET"]}}],"collection":[{"href":"https:\/\/www.asso-unil.ch\/caverne\/wp-json\/wp\/v2\/tribe_events"}],"about":[{"href":"https:\/\/www.asso-unil.ch\/caverne\/wp-json\/wp\/v2\/types\/tribe_events"}],"author":[{"embeddable":true,"href":"https:\/\/www.asso-unil.ch\/caverne\/wp-json\/wp\/v2\/users\/1001316"}],"version-history":[{"count":4,"href":"https:\/\/www.asso-unil.ch\/caverne\/wp-json\/wp\/v2\/tribe_events\/5794\/revisions"}],"predecessor-version":[{"id":5799,"href":"https:\/\/www.asso-unil.ch\/caverne\/wp-json\/wp\/v2\/tribe_events\/5794\/revisions\/5799"}],"wp:attachment":[{"href":"https:\/\/www.asso-unil.ch\/caverne\/wp-json\/wp\/v2\/media?parent=5794"}],"wp:term":[{"taxonomy":"post_tag","embeddable":true,"href":"https:\/\/www.asso-unil.ch\/caverne\/wp-json\/wp\/v2\/tags?post=5794"},{"taxonomy":"tribe_events_cat","embeddable":true,"href":"https:\/\/www.asso-unil.ch\/caverne\/wp-json\/wp\/v2\/tribe_events_cat?post=5794"}],"curies":[{"name":"wp","href":"https:\/\/api.w.org\/{rel}","templated":true}]}}