{"id":444,"date":"2011-09-26T12:12:55","date_gmt":"2011-09-26T10:12:55","guid":{"rendered":"http:\/\/www3.unil.ch\/wpmu\/caverne\/?page_id=444"},"modified":"2014-04-12T11:53:20","modified_gmt":"2014-04-12T09:53:20","slug":"giordano-bruno-de-damien-michelet","status":"publish","type":"page","link":"https:\/\/www.asso-unil.ch\/caverne\/projets\/projets-2011-2012\/idees-de-projet-pour-le-savant-et-la-societe\/giordano-bruno-de-damien-michelet\/","title":{"rendered":"\u00ab Giordano Bruno \u00bb de Damien Michelet"},"content":{"rendered":"<p><span style=\"color: #339966\">Etat (\u00e0 la mi-novembre 2011) de l&rsquo;avancement du projet :<\/span><br \/>\nProjet suspendu par Damien Michelet pour cause de manque de temps.<\/p>\n<p>Nous poss\u00e9dons deux types de sources int\u00e9ressantes pour ce projet\u00a0:<\/p>\n<ul>\n<li>Ses \u00e9crits<\/li>\n<li>Une partie des actes de son proc\u00e8s<\/li>\n<\/ul>\n<p style=\"text-align: justify\">Je fais volontairement abstraction des autres sources, le volume de ces deux cat\u00e9gories \u00e9tant plus que suffisant \u00e0 mon propos. Les premiers, de son propre aveu, contiennent plusieurs niveaux de lecture\u00a0:<\/p>\n<ul>\n<li>Pour le commun<\/li>\n<li>Pour les personnes \u00e9clair\u00e9es<\/li>\n<\/ul>\n<p>Les secondes nous permettent d\u2019appr\u00e9hender un certain nombre d\u2019\u00e9l\u00e9ments\u00a0:<\/p>\n<ul>\n<li>La r\u00e9ception de sa pens\u00e9e par\u00a0:\n<ul>\n<li>Son accusateur<\/li>\n<li>Ses cod\u00e9tenus<\/li>\n<li>Les membres de la Congr\u00e9gation du Saint-Office<\/li>\n<\/ul>\n<\/li>\n<li>La fa\u00e7on dont il d\u00e9fend sa pens\u00e9e devant le Saint-Office et les ajustements qu\u2019il doit consentir<\/li>\n<\/ul>\n<p>Tous ces \u00e9l\u00e9ments mettent clairement en \u00e9vidence\u00a0:<\/p>\n<ul>\n<li>Des visions divergentes de la place du philosophe et de sa production dans la soci\u00e9t\u00e9, et donc de la libert\u00e9 qu\u2019on lui consent, ou des fronti\u00e8res qu\u2019on lui impose<\/li>\n<li>La d\u00e9formation de sa pens\u00e9e par celles et ceux qui ne la comprennent pas ou se refusent \u00e0 la comprendre.<\/li>\n<\/ul>\n<p style=\"text-align: justify\">L\u2019id\u00e9e serait donc de mettre en parall\u00e8le ces \u00e9l\u00e9ments et de montrer le fil de la d\u00e9formation de sa pens\u00e9e, par d\u2019autres et par lui-m\u00eame. J\u2019appr\u00e9cie particuli\u00e8rement les t\u00e9moignages de ses cod\u00e9tenus pour leur ton rustique, spontan\u00e9 et vivant, malgr\u00e9 le cadre strict des proc\u00e8s-verbaux des notaires de l\u2019Inquisition v\u00e9nitienne\u00a0; on y d\u00e9couvre de plus le caract\u00e8re de Giordano Bruno, incisif, truculent, vulgaire, violant, intol\u00e9rant\u2026 Il me semble donc important de leur donner une place importante. Les extraits de ses comparutions devant la Congr\u00e9gation du Saint-Office qui nous sont parvenus illustrent principalement les strat\u00e9gies qu\u2019il a mises en \u0153uvre pour se d\u00e9fendre et t\u00e9moignent donc des d\u00e9formations qu\u2019il a consenties \u00e0 ses doctrines, puis, dans la derni\u00e8re partie de son proc\u00e8s, de leur r\u00e9affirmation. Les accusations que je pense mettre le plus en avant sont les questions de la pluralit\u00e9 des mondes et de la structure de l\u2019univers, pour plusieurs raisons\u00a0:<\/p>\n<ul>\n<li>Nous avons la chance de poss\u00e9der \u00e0 leur sujet des extraits pour chacune des cat\u00e9gories d\u00e9crites ci-dessus.<\/li>\n<li>La seconde constitue un lien avec une affaire bien plus c\u00e9l\u00e8bre, celle de Galil\u00e9e.<\/li>\n<li>Elles renvoient donc le public \u00e0 quelque chose de connu et de facilement compr\u00e9hensible, contrairement \u00e0 d\u2019autres accusations sur des sujets th\u00e9ologiques parfois ardus.<\/li>\n<\/ul>\n<p style=\"text-align: justify\">Je n\u2019ai pas encore r\u00e9solu la question de la forme sous laquelle pr\u00e9senter cette th\u00e9matique\u00a0; une pi\u00e8ce de th\u00e9\u00e2tre me semble difficile \u00e0 mettre en \u0153uvre, bien que r\u00e9alisable. Peut-\u00eatre serait-il pr\u00e9f\u00e9rable de cr\u00e9er une \u0153uvre multim\u00e9dia. Une telle forme permettrait en outre de plus facilement g\u00e9rer les allers retours aussi bien dans l\u2019espace que dans le temps, entre sa prison (o\u00f9 on peut l\u2019imaginer tant\u00f4t parmi ses cod\u00e9tenus, \u00e0 Venise, ou seul, \u00e0 Rome), les s\u00e9ances devant le Tribunal et ses \u00e9crits, au cours d\u2019\u00e9v\u00e9nements r\u00e9partis sur les huit ans qu\u2019a dur\u00e9 son proc\u00e8s.<\/p>\n<p style=\"text-align: right\">Damien Michelet, juillet 2011<\/p>\n","protected":false},"excerpt":{"rendered":"<p>Etat (\u00e0 la mi-novembre 2011) de l&rsquo;avancement du projet : Projet suspendu par Damien Michelet pour cause de manque de temps. Nous poss\u00e9dons deux types de sources int\u00e9ressantes pour ce [&hellip;]<\/p>\n","protected":false},"author":27,"featured_media":0,"parent":1134,"menu_order":12,"comment_status":"closed","ping_status":"closed","template":"","meta":{"_seopress_robots_primary_cat":"","_seopress_titles_title":"","_seopress_titles_desc":"","_seopress_robots_index":"","footnotes":""},"class_list":["post-444","page","type-page","status-publish"],"_links":{"self":[{"href":"https:\/\/www.asso-unil.ch\/caverne\/wp-json\/wp\/v2\/pages\/444","targetHints":{"allow":["GET"]}}],"collection":[{"href":"https:\/\/www.asso-unil.ch\/caverne\/wp-json\/wp\/v2\/pages"}],"about":[{"href":"https:\/\/www.asso-unil.ch\/caverne\/wp-json\/wp\/v2\/types\/page"}],"author":[{"embeddable":true,"href":"https:\/\/www.asso-unil.ch\/caverne\/wp-json\/wp\/v2\/users\/27"}],"replies":[{"embeddable":true,"href":"https:\/\/www.asso-unil.ch\/caverne\/wp-json\/wp\/v2\/comments?post=444"}],"version-history":[{"count":0,"href":"https:\/\/www.asso-unil.ch\/caverne\/wp-json\/wp\/v2\/pages\/444\/revisions"}],"up":[{"embeddable":true,"href":"https:\/\/www.asso-unil.ch\/caverne\/wp-json\/wp\/v2\/pages\/1134"}],"wp:attachment":[{"href":"https:\/\/www.asso-unil.ch\/caverne\/wp-json\/wp\/v2\/media?parent=444"}],"curies":[{"name":"wp","href":"https:\/\/api.w.org\/{rel}","templated":true}]}}