{"id":3596,"date":"2015-03-03T22:58:17","date_gmt":"2015-03-03T21:58:17","guid":{"rendered":"http:\/\/www.asso-unil.ch\/caverne\/?page_id=3596"},"modified":"2015-03-03T22:58:56","modified_gmt":"2015-03-03T21:58:56","slug":"fecule-2014-colere-et-desir","status":"publish","type":"page","link":"https:\/\/www.asso-unil.ch\/caverne\/fecule\/fecule-2014-colere-et-desir\/","title":{"rendered":"F\u00e9cule 2014  projets \u00ab\u00a0col\u00e8re et d\u00e9sir\u00a0\u00bb"},"content":{"rendered":"<p>Les trois jours des Ma\u00eetres de la Caverne dans le cadre du Festival F\u00e9cule 2014 :<\/p>\n<p><strong>Vendredi 2 mai<\/strong><br \/>\n17h Col\u00e8re et D\u00e9sir (vernissage exposition) :<br \/>\nLa Nef des Fous \u2013 Andrea Barciela<br \/>\nFoucault \u2013 Fabian Ruz<br \/>\n<a href=\"https:\/\/www.asso-unil.ch\/caverne\/colere\/projets\/ecritures\/\">Ecritures du d\u00e9sir et de la col\u00e8re \u2013 Thibaud Mettraux et Iris Dwir<\/a><br \/>\n<a href=\"https:\/\/www.asso-unil.ch\/caverne\/colere\/projets\/chat\/\">Chat, j\u2019en veux ! \u2013 Aur\u00e9lie Ang\u00e9loz<\/a><br \/>\nProjections, th\u00e9\u00e2tre et musique :<br \/>\n<a href=\"https:\/\/www.asso-unil.ch\/caverne\/colere\/projets\/rencontres\/\">Rencontres extraordinaires, entre d\u00e9sir et r\u00e9alit\u00e9 : Baudelaire (th\u00e9\u00e2tre) &#8211; Groupe Duo-Duo<\/a><br \/>\n<a href=\"https:\/\/www.asso-unil.ch\/caverne\/colere\/projets\/triptyque\/\">Triptyque : D\u00e9sirs, R\u00e9miniscences, Pr\u00e9sences (projection 11\u201930) &#8211; Anne Voeffray<\/a><br \/>\n<a href=\"https:\/\/www.asso-unil.ch\/caverne\/colere\/projets\/philo\/\">Sortie. Un photo-roman sur la col\u00e8re (projection 4\u2019) &#8211; Ludovic Rime<\/a><br \/>\n19h <a title=\"D\u00e9sir et Danse \u2013 Cie Comme \u00e7a\" href=\"https:\/\/www.asso-unil.ch\/caverne\/colere\/projets\/desir-danse\/\">De?sir et Danse (danse) &#8211; Cie Comme \u00e7a<\/a><br \/>\n<a title=\"Voyage vers nos r\u00eaves \u2013 Helena Klima, Alexandre Trejo et Ga\u00e9tan Schneider\" href=\"https:\/\/www.asso-unil.ch\/caverne\/colere\/projets\/voyage\/\">Voyage vers nos re?ves (danse) \u2013 Nuncha Crew<\/a><br \/>\n21h <a title=\"Le Caf\u00e9 des Voyageurs \u2013 Coline Ladetto\" href=\"https:\/\/www.asso-unil.ch\/caverne\/colere\/projets\/cafe\/\">Le Cafe? des Voyageurs (th\u00e9\u00e2tre en fran\u00e7ais &#8211; distribution f\u00e9minine) \u2013 Coline Ladetto<\/a><\/p>\n<p><strong>Samedi 3 mai<\/strong><br \/>\n15h Les Lumie?res du Le?man (projections)<br \/>\nLe Retour de Charlot (7\u2019) \u2013 David Altermatt et Stefano Torres<br \/>\nSouvenirs d&rsquo;une rencontre : C.F. Ramuz et Igor Strawinsky (5\u2019) \u2013 Natalia Gadzina<br \/>\nVagabondages avec Charles-Albert Cingria (18\u2019) \u2013 Natalia Gadzina<br \/>\nEn Vrai je suis un monstre (12\u2019) \u2013 Adrien Bordone<br \/>\nDevant une Webcam (19\u2019) \u2013 Adrien Bordone<br \/>\nDimanche (28\u2019) \u2013 Adrien Bordone<br \/>\n17h Regards Le?maniques (vernissage exposition)<br \/>\nHans Christian Andersen \u2013 Silvia Monti<br \/>\nFoucault \u2013 Andrea Barciela<br \/>\nPercy Shelley, Mary Shelley et sa cr\u00e9ature \u2013 Iris Dwir-Goldberg<br \/>\nDal\u00ed (15\u2019) \u2013 No\u00e9mie Payot et Astrid Ruffa<br \/>\n<a href=\"https:\/\/www.asso-unil.ch\/caverne\/colere\/projets\/rencontres\/\">Rencontres extraordinaires, entre d\u00e9sir et r\u00e9alit\u00e9 : Rilke (th\u00e9\u00e2tre) &#8211; Groupe Duo-Duo<\/a><br \/>\n19h <a title=\"Le Caf\u00e9 des Voyageurs \u2013 Coline Ladetto\" href=\"https:\/\/www.asso-unil.ch\/caverne\/colere\/projets\/cafe\/\">Le Cafe? des Voyageurs (th\u00e9\u00e2tre en fran\u00e7ais &#8211; distribution masculine) \u2013 Coline Ladetto<\/a><br \/>\n20h30 <a title=\"Le Corps foucaldien \u2013 Margot Prod\u2019hom\" href=\"https:\/\/www.asso-unil.ch\/caverne\/colere\/projets\/corps\/\">Le Corps foucaldien (projection photographies) \u2013 Margot Prod\u2019hom<\/a><br \/>\n<a title=\"Fukometekonte \u2013 Thomas Miauton\" href=\"https:\/\/www.asso-unil.ch\/caverne\/colere\/projets\/conte\/\">Fukometekonte (th\u00e9\u00e2tre en fran\u00e7ais) \u2013 Thomas Miauton<\/a><\/p>\n<p><strong>Dimanche 4 mai<\/strong><br \/>\n15h L\u2019Argent entre bonheur, morale et d\u00e9faillance du syst\u00e8me (documentaire 40\u2019) \u2013 Selim El Madani, Thalia Goldman, Adriele Puteo et Bilal Elhaouari<br \/>\nL&rsquo;Avenir de l&rsquo;argent en d\u00e9bat, c&rsquo;est ce soir (documentaire 22\u2019) \u2013 Allan Cueto et Caroline Gilliard<br \/>\n<a title=\"Monnaie, mon amour (film) \u2013 Michael Groneberg\" href=\"https:\/\/www.asso-unil.ch\/caverne\/colere\/projets\/monnaie-mon-amour\/\">Vivre sans Argent. L&rsquo;Exp\u00e9rience Longo Ma\u00ef (documentaire 30\u2019) \u2013 Etienne Busson, Hugues Droguet , Michael Groneberg et Christine Ritter<\/a><br \/>\n17h <a title=\"Les Coups de d\u00e9s \u2013 Gr\u00e9gory Thonney et Stefano Torres\" href=\"https:\/\/www.asso-unil.ch\/caverne\/colere\/projets\/jeu\/\">Les Coups de de?s (documentaire 32\u2019) \u2013 Gr\u00e9gory Thonney et Stefano Torres<\/a><br \/>\n18h30 <a title=\"An Enemy of the People - The Catalyst\" href=\"https:\/\/www.asso-unil.ch\/caverne\/colere\/projets\/enemy\/\">An Enemy of the People (th\u00e9\u00e2tre en anglais) &#8211; The Catalyst<\/a><\/p>\n","protected":false},"excerpt":{"rendered":"<p>Les trois jours des Ma\u00eetres de la Caverne dans le cadre du Festival F\u00e9cule 2014 : Vendredi 2 mai 17h Col\u00e8re et D\u00e9sir (vernissage exposition) : La Nef des Fous [&hellip;]<\/p>\n","protected":false},"author":1001005,"featured_media":0,"parent":3541,"menu_order":0,"comment_status":"open","ping_status":"open","template":"","meta":{"_seopress_robots_primary_cat":"","_seopress_titles_title":"","_seopress_titles_desc":"","_seopress_robots_index":"","footnotes":""},"class_list":["post-3596","page","type-page","status-publish"],"_links":{"self":[{"href":"https:\/\/www.asso-unil.ch\/caverne\/wp-json\/wp\/v2\/pages\/3596","targetHints":{"allow":["GET"]}}],"collection":[{"href":"https:\/\/www.asso-unil.ch\/caverne\/wp-json\/wp\/v2\/pages"}],"about":[{"href":"https:\/\/www.asso-unil.ch\/caverne\/wp-json\/wp\/v2\/types\/page"}],"author":[{"embeddable":true,"href":"https:\/\/www.asso-unil.ch\/caverne\/wp-json\/wp\/v2\/users\/1001005"}],"replies":[{"embeddable":true,"href":"https:\/\/www.asso-unil.ch\/caverne\/wp-json\/wp\/v2\/comments?post=3596"}],"version-history":[{"count":0,"href":"https:\/\/www.asso-unil.ch\/caverne\/wp-json\/wp\/v2\/pages\/3596\/revisions"}],"up":[{"embeddable":true,"href":"https:\/\/www.asso-unil.ch\/caverne\/wp-json\/wp\/v2\/pages\/3541"}],"wp:attachment":[{"href":"https:\/\/www.asso-unil.ch\/caverne\/wp-json\/wp\/v2\/media?parent=3596"}],"curies":[{"name":"wp","href":"https:\/\/api.w.org\/{rel}","templated":true}]}}