{"id":3311,"date":"2014-10-06T20:06:57","date_gmt":"2014-10-06T18:06:57","guid":{"rendered":"http:\/\/www.asso-unil.ch\/caverne\/?page_id=3311"},"modified":"2018-01-23T14:14:27","modified_gmt":"2018-01-23T13:14:27","slug":"point-virgule","status":"publish","type":"page","link":"https:\/\/www.asso-unil.ch\/caverne\/banquets\/programme-et-evenements\/programme-2014-2015-2\/point-virgule\/","title":{"rendered":"Point. Virgule,  2014"},"content":{"rendered":"<p><a href=\"https:\/\/www3.unil.ch\/wpmu\/grangededorigny\/festivals\/point-virgule-2\/\">Point. Virgule,<\/a> mini-festival \u00e9tudiant du 14 au 16 octobre 2014 au th\u00e9\u00e2tre <a href=\"https:\/\/www3.unil.ch\/wpmu\/grangededorigny\/infos-pratiques-2\/acces-2\/\">la Grange de Dorigny,<\/a> pr\u00e9ambule, depuis deux ans, \u00e0 l&rsquo;ouverture de la saison professionnelle, on y retrouve les coups de c\u0153ur du F\u00e9cule 2014. C&rsquo;est l&rsquo;occasion de (re)d\u00e9couvrir les associations culturelles qui animent le Campus et de voir ou revoir, par exemple, quelques projets qui ont vue le jour au sein de l&rsquo;association Les Ma\u00eetres de la Caverne.<\/p>\n<h6>&nbsp;Mercredi 15 octobre \u2013 Les Ma\u00eetres de la Caverne pr\u00e9sentent\u2026<\/h6>\n<p>19h Souvenirs d\u2019une rencontre&nbsp;: C. F. Ramuz et Igor Strawinsky<br \/>\nCourt-m\u00e9trage de Natalia Gadzina (5\u2019)<br \/>\nPr\u00e9sent\u00e9 par Prof. Daniel Maggetti \u2013 CRLR \/ Fondation Ramuz<\/p>\n<p>19h30 Le Retour de Charlot<br \/>\nCourt-m\u00e9trage de David Altermatt et Stefano Torres (7\u2019)<br \/>\nPr\u00e9sent\u00e9 par Prof. Alain Boillat \u2013 Histoire et esth\u00e9tique du cin\u00e9ma<\/p>\n<p>20h30 <a title=\"Le Caf\u00e9 des Voyageurs \u2013 Coline Ladetto\" href=\"https:\/\/www.asso-unil.ch\/caverne\/archive\/colere\/projets\/cafe\/\">Le Caf\u00e9 des Voyageurs<\/a> \u2013 distribution f\u00e9minine<br \/>\nPi\u00e8ce schizophr\u00e8ne de Coline Ladetto<br \/>\nLibrement inspir\u00e9e de la nouvelle \u00e9ponyme de Corinna Bille<br \/>\nTh\u00e9\u00e2tre en fran\u00e7ais \u2013 (1h15)<br \/>\nChaque ann\u00e9e, une femme demande \u00e0 son cocher d\u2019aller \u00e0 la gare chercher au hasard un jeune homme afin de le faire d\u00eener avec elle. Ayant perdu son fils lors d\u2019un tragique accident de train, elle revit, \u00e0 la m\u00eame date, le d\u00eener qu\u2019elle n\u2019a pas pu partager avec lui\u2026<br \/>\nMise en sc\u00e8ne : Coline Ladetto \u2013 Jeu : Iris Dwir-Goldberg, Melie Fellay, Coline Ladetto, Margot Prod\u2019hom<\/p>\n<h6>Jeudi 16 octobre \u2013 Les Ma\u00eetres de la Caverne pr\u00e9sentent\u2026<\/h6>\n<p>19h <a title=\"Le Corps foucaldien \u2013 Margot Prod\u2019hom\" href=\"https:\/\/www.asso-unil.ch\/caverne\/archive\/colere\/projets\/corps\/\">Le corps foucaldien<\/a><br \/>\nProjection de photos de Margot Prod\u2019hom et diffusion audio de la conf\u00e9rence de Michel Foucault \u00ab&nbsp;Le corps utopique&nbsp;\u00bb, prononc\u00e9e sur France Culture en 1966. (23\u2019)<\/p>\n<p>20h <a title=\"Le Caf\u00e9 des Voyageurs \u2013 Coline Ladetto\" href=\"https:\/\/www.asso-unil.ch\/caverne\/archive\/colere\/projets\/cafe\/\">Le Caf\u00e9 des Voyageurs<\/a> \u2013 distribution masculine<br \/>\nPi\u00e8ce schizophr\u00e8ne de Coline Ladetto<br \/>\nLibrement inspir\u00e9e de la nouvelle \u00e9ponyme de Corinna Bille<br \/>\nTh\u00e9\u00e2tre en fran\u00e7ais \u2013 (1h15)<br \/>\nMise en sc\u00e8ne : Coline Ladetto \u2013 Jeu : Michael Groneberg, Vincent Laughery, Thibaud Mettraux, Gr\u00e9gory Thonney<\/p>\n<p>&nbsp;<\/p>\n","protected":false},"excerpt":{"rendered":"<p>Point. Virgule, mini-festival \u00e9tudiant du 14 au 16 octobre 2014 au th\u00e9\u00e2tre la Grange de Dorigny, pr\u00e9ambule, depuis deux ans, \u00e0 l&rsquo;ouverture de la saison professionnelle, on y retrouve les [&hellip;]<\/p>\n","protected":false},"author":1001005,"featured_media":0,"parent":3250,"menu_order":0,"comment_status":"closed","ping_status":"open","template":"","meta":{"_seopress_robots_primary_cat":"","_seopress_titles_title":"","_seopress_titles_desc":"","_seopress_robots_index":"","footnotes":""},"class_list":["post-3311","page","type-page","status-publish"],"_links":{"self":[{"href":"https:\/\/www.asso-unil.ch\/caverne\/wp-json\/wp\/v2\/pages\/3311","targetHints":{"allow":["GET"]}}],"collection":[{"href":"https:\/\/www.asso-unil.ch\/caverne\/wp-json\/wp\/v2\/pages"}],"about":[{"href":"https:\/\/www.asso-unil.ch\/caverne\/wp-json\/wp\/v2\/types\/page"}],"author":[{"embeddable":true,"href":"https:\/\/www.asso-unil.ch\/caverne\/wp-json\/wp\/v2\/users\/1001005"}],"replies":[{"embeddable":true,"href":"https:\/\/www.asso-unil.ch\/caverne\/wp-json\/wp\/v2\/comments?post=3311"}],"version-history":[{"count":0,"href":"https:\/\/www.asso-unil.ch\/caverne\/wp-json\/wp\/v2\/pages\/3311\/revisions"}],"up":[{"embeddable":true,"href":"https:\/\/www.asso-unil.ch\/caverne\/wp-json\/wp\/v2\/pages\/3250"}],"wp:attachment":[{"href":"https:\/\/www.asso-unil.ch\/caverne\/wp-json\/wp\/v2\/media?parent=3311"}],"curies":[{"name":"wp","href":"https:\/\/api.w.org\/{rel}","templated":true}]}}