{"id":296,"date":"2011-09-14T17:47:00","date_gmt":"2011-09-14T15:47:00","guid":{"rendered":"http:\/\/www3.unil.ch\/wpmu\/caverne\/?page_id=296"},"modified":"2014-04-12T11:52:46","modified_gmt":"2014-04-12T09:52:46","slug":"programme","status":"publish","type":"page","link":"https:\/\/www.asso-unil.ch\/caverne\/banquets\/programme-et-evenements\/programme-2011-2012\/bienvenu-du-semestre-de-printemps-2011\/programme\/","title":{"rendered":"D\u00e9roulement du semestre (SP11)"},"content":{"rendered":"<p style=\"text-align: justify\"><span style=\"color: #339966\"><strong>Ce semestre de printemps 2011<\/strong><\/span>, il s\u2019agira avant tout d\u2019\u00e9tablir les projets et d\u2019\u00e9crire les textes qui seront mis en sc\u00e8ne par la suite.<\/p>\n<p style=\"text-align: justify\">Michael Groneberg, MER en philosophie et initiant du projet, organise <span style=\"color: #339966\"><strong>deux <\/strong><strong>s\u00e9ances d&rsquo;information les 24 et 31 mars prochains \u00e0 12h en salle 3139<\/strong><\/span> (Anthropole), auxquelles tous les \u00e9ventuel-le-s int\u00e9ress\u00e9-e-s sont cordialement invit\u00e9-e-s.<br \/>\nD\u00e8s cette date, nous tiendrons<span style=\"color: #339966\"> <strong>une<\/strong> <strong>permanence le jeudi de 12h \u00e0 13h<\/strong> <\/span>dans cette m\u00eame salle pour discuter et d\u00e9velopper les diff\u00e9rents projets et id\u00e9es des participant-e-s.<\/p>\n<p style=\"text-align: justify\">Par la suite, vous serez invit\u00e9-e-s \u00e0 prendre part \u00e0 trois r\u00e9unions<span style=\"color: #3366ff\"> <a title=\"Banquets (SP11)\" href=\"https:\/\/www3.unil.ch\/wpmu\/caverne\/programme\/bienvenu-du-semestre-de-printemps-2011\/sp-11-banquets\/\"><span style=\"color: #3366ff\">(plus de pr\u00e9cisions ici)<\/span><\/a><\/span> :<\/p>\n<p style=\"text-align: justify\"><span style=\"color: #339966\"><strong>1. <\/strong><strong>B<\/strong><strong>anquet <\/strong><strong>le 13 avril 2011 au foyer de la Grange de Dorigny, de 18h \u00e0 22h<\/strong>.<\/span><\/p>\n<p style=\"text-align: justify\">Sous l&rsquo;\u0153il avis\u00e9 et bienveillant de Danielle Chaperon (sp\u00e9cialiste de dramaturgie), il s&rsquo;agira d&rsquo;amorcer la r\u00e9flexion autour de la dramatisation et de la mise en sc\u00e8ne de nos id\u00e9es (afin d\u2019organiser le souper canadien, veuillez vous annoncer chez romain.bionda@unil.ch).<\/p>\n<p style=\"text-align: justify\"><span style=\"color: #339966\"><strong>2. Banquet le 1er juin 2011 au foyer de la Grange de Dorigny, de 18h \u00e0 22h.<\/strong><\/span><\/p>\n<p style=\"text-align: justify\">Les participant-e-s pr\u00e9sentent leurs projets et discutent avec Michael Groneberg, Roelof Overmeer, et Mathieu Bertholet, \u00e9crivain dramaturge. Le banquet sera aussi canadien.<\/p>\n<p style=\"text-align: justify\"><span style=\"color: #339966\"><strong>3. Atelier d\u2019\u00e9criture dramatique (ou post-dramatique) les 2 et 3 juillet 2011, au ch\u00e2teau de Dorigny (nombre limit\u00e9 de participant-e-s).<\/strong><\/span><\/p>\n<p style=\"text-align: justify\">Pour permettre aux participant-e-s de terminer leurs textes d&rsquo;ici \u00e0 septembre, nous mettons en place un v\u00e9ritable atelier d&rsquo;\u00e9criture, dirig\u00e9 par Mathieu Bertholet : il donnera son feedback concernant les textes pr\u00e9alablement \u00e9tablis par les participant-e-s.<\/p>\n<p style=\"text-align: justify\">Pour donner des bases th\u00e9oriques aux \u00e9tudiant-e-s int\u00e9ress\u00e9-e-s, deux s\u00e9minaires sont offerts au SP 2011. Consulter pour ceci <span style=\"color: #3366ff\"><a title=\"Offre acad\u00e9mique (SP11)\" href=\"https:\/\/www3.unil.ch\/wpmu\/caverne\/programme\/bienvenu-du-semestre-de-printemps-2011\/seminaires-rattaches\/\"><span style=\"color: #3366ff\">l&rsquo;offre acad\u00e9mique<\/span><\/a><\/span> de ce semestre !<\/p>\n<p style=\"text-align: center\">Au plaisir de vous rencontrer, l\u2019\u00e9quipe de gestion des <span style=\"color: #339966\"><strong><em>Ma\u00eetres de la Caverne <\/em><\/strong><\/span>:<br \/>\nMichael Groneberg, Romain Bionda, Vincent Laughery.<\/p>\n<p style=\"text-align: center\"><span style=\"color: #3366ff\"><a href=\"https:\/\/www.asso-unil.ch\/caverne\/files\/2011\/03\/Caverne-part-2-plan-2011.pdf\"><span style=\"color: #3366ff\">Caverne plan 2011<\/span><\/a><\/span><\/p>\n","protected":false},"excerpt":{"rendered":"<p>Ce semestre de printemps 2011, il s\u2019agira avant tout d\u2019\u00e9tablir les projets et d\u2019\u00e9crire les textes qui seront mis en sc\u00e8ne par la suite. Michael Groneberg, MER en philosophie et [&hellip;]<\/p>\n","protected":false},"author":27,"featured_media":0,"parent":204,"menu_order":1,"comment_status":"closed","ping_status":"closed","template":"","meta":{"_seopress_robots_primary_cat":"","_seopress_titles_title":"","_seopress_titles_desc":"","_seopress_robots_index":"","footnotes":""},"class_list":["post-296","page","type-page","status-publish"],"_links":{"self":[{"href":"https:\/\/www.asso-unil.ch\/caverne\/wp-json\/wp\/v2\/pages\/296","targetHints":{"allow":["GET"]}}],"collection":[{"href":"https:\/\/www.asso-unil.ch\/caverne\/wp-json\/wp\/v2\/pages"}],"about":[{"href":"https:\/\/www.asso-unil.ch\/caverne\/wp-json\/wp\/v2\/types\/page"}],"author":[{"embeddable":true,"href":"https:\/\/www.asso-unil.ch\/caverne\/wp-json\/wp\/v2\/users\/27"}],"replies":[{"embeddable":true,"href":"https:\/\/www.asso-unil.ch\/caverne\/wp-json\/wp\/v2\/comments?post=296"}],"version-history":[{"count":0,"href":"https:\/\/www.asso-unil.ch\/caverne\/wp-json\/wp\/v2\/pages\/296\/revisions"}],"up":[{"embeddable":true,"href":"https:\/\/www.asso-unil.ch\/caverne\/wp-json\/wp\/v2\/pages\/204"}],"wp:attachment":[{"href":"https:\/\/www.asso-unil.ch\/caverne\/wp-json\/wp\/v2\/media?parent=296"}],"curies":[{"name":"wp","href":"https:\/\/api.w.org\/{rel}","templated":true}]}}