{"id":2902,"date":"2014-03-29T13:45:39","date_gmt":"2014-03-29T12:45:39","guid":{"rendered":"http:\/\/www.asso-unil.ch\/caverne\/?page_id=2902"},"modified":"2015-03-03T22:48:34","modified_gmt":"2015-03-03T21:48:34","slug":"rencontres","status":"publish","type":"page","link":"https:\/\/www.asso-unil.ch\/caverne\/projets\/projets-2013-2014\/rencontres\/","title":{"rendered":"Rencontres extraordinaires, entre d\u00e9sir et r\u00e9alit\u00e9 &#8211; Groupe Duo-Duo"},"content":{"rendered":"<p>Spectacle du Groupe Duo-Duo pr\u00e9sent\u00e9 dans le cadre de l\u2019Association des Ma\u00eetres de la Caverne<\/p>\n<p>Dur\u00e9e : 1 heure.<br \/>\nType de spectacle : art de la sc\u00e8ne.<br \/>\nPublic cibl\u00e9 : plus de 12 ans.<br \/>\nSpectacle destin\u00e9 \u00e0 \u00eatre pr\u00e9sent\u00e9 dans le Foyer.<br \/>\nDisponibilit\u00e9s : Toute la dur\u00e9e du festival.<\/p>\n<p style=\"text-align: justify\"><strong>Pr\u00e9sentation du groupe Duo-Duo<\/strong><br \/>\nValentine et Gabriel se rencontrent il y a un et demi pendant un festival de danse. Lors d&rsquo;une pause, leur conversation s&rsquo;enflamme et ils sont pris de l\u2019envie de cr\u00e9er une association \u00e0 but non lucratif o\u00f9 de jeunes gens pourraient se rencontrer, cr\u00e9er ensemble des projets artistiques, organiser des \u00e9v\u00e9nements culturels et \u00e9changer sur des th\u00e8mes qui leur tiendraient \u00e0 coeur. Cette association voit le jour en octobre 2012 \u00e0 Lausanne et se nomme Dynamis (dynamis.asso-web.com.).<br \/>\nForts de diff\u00e9rentes exp\u00e9riences artistiques et notamment th\u00e9\u00e2trales, Valentine et Gabriel montent ensuite avec des amis un spectacle intitul\u00e9 \u201cEl\u00e9vation\u201d sur la butte de Milan. Sous la forme d\u2019une promenade po\u00e9tique et musicale, ce spectacle m\u00eale expression corporelle, chant et ombres chinoises. Ils donnent quatre repr\u00e9sentations.<br \/>\nEn 2013, l\u2019envie de continuer l&rsquo;exp\u00e9rience artistique les pousse \u00e0 former le groupe Duo-Duo, dont \u201cRencontres extraordinaires, entre d\u00e9sir et r\u00e9alit\u00e9\u201d est la premi\u00e8re cr\u00e9ation. Ils r\u00e9unissent des textes qui abordent le th\u00e8me de la rencontre inattendue dans le but de cr\u00e9er ce spectacle qui constitue une exploration de l&rsquo;\u00e2me humaine et de ses d\u00e9sirs. La d\u00e9couverte du th\u00e8me pr\u00e9sent\u00e9 par l\u2019Association des Ma\u00eetres de la Caverne, \u201cCol\u00e8re et D\u00e9sir\u201d, leur donne envie de participer dans ce cadre au Festival F\u00e9cule du Th\u00e9\u00e2tre la Grange de Dorigny.<\/p>\n<p style=\"text-align: justify\">\u00ab &#8230;car le beau n&rsquo;est que le premier degr\u00e9 du terrible. \u00bb<\/p>\n<p style=\"text-align: justify\"><strong>R\u00e9sum\u00e9 du spectacle<\/strong><br \/>\nLe spectacle pr\u00e9sente quatre tableaux autour d\u2019oeuvres po\u00e9tiques qui abordent le th\u00e8me du d\u00e9sir de fusion avec l\u2019aim\u00e9, l\u2019autre :<\/p>\n<ul style=\"text-align: justify\">\n<li>Baby, it is cold outside, chanson de Franck Loesser.<\/li>\n<li>A celle qui est trop gaie, po\u00e8me de Charles Baudelaire .<\/li>\n<li>1\u00e8re El\u00e9gie de Dunio, po\u00e8me de Rainer Maria Rilke.<\/li>\n<li>2\u00e8me El\u00e9gie de Dunio po\u00e8me de Rainer Maria Rilke.<\/li>\n<\/ul>\n<p style=\"text-align: justify\">La chanson de Franck Loesser, qui est non seulement chant\u00e9e mais \u00e9galement dans\u00e9e et jou\u00e9e, exprime la s\u00e9duction.<br \/>\nLe po\u00e8me de Baudelaire, qui est interpr\u00e9t\u00e9 sous diff\u00e9rentes formes avec un jeu sur les sonorit\u00e9s, exprime le d\u00e9sir de possession.<br \/>\nLes deux po\u00e8mes de Rainer Maria Rilke traitent du d\u00e9sir inconscient de l\u2019homme de fusionner avec l\u2019univers. Ils racontent que l\u2019homme se leurre en recherchant l\u2019\u00eatre aim\u00e9 sur terre. Ils abordent donc, \u00e0 travers le d\u00e9sir de l\u2019autre, la mort.<\/p>\n<p style=\"text-align: justify\"><strong>Note d\u2019intention artistique<\/strong><br \/>\nLes quatre tableaux ont pour fil rouge le d\u00e9sir, la frustration, la fusion et la col\u00e8re, \u00e0 partir desquels nous exp\u00e9rimentons avec notre corps, voix, \u00e2me\u2026 des questions qui concernent l\u2019humain :<\/p>\n<ul style=\"text-align: justify\">\n<li>Dans quelle mesure sommes-nous mus par nos \u00e9motions ?<\/li>\n<li>Quels sont les diff\u00e9rents comportements de l\u2019homme face \u00e0 ses d\u00e9sirs ?<\/li>\n<li>N&rsquo;y-a-t-il que le d\u00e9sir corporel ou bien y a-t-il d\u2019autres qualit\u00e9s de d\u00e9sirs en lien avec notre identit\u00e9 profonde ?<\/li>\n<li>Quelle place accorder au d\u00e9sir dans notre vie ?<\/li>\n<\/ul>\n<p style=\"text-align: justify\">Le premier tableau commence par une rencontre. Deux \u00eatres \u00e9voluent dans l\u2019espace des sens. Ils r\u00e9veillent leur corps r\u00e9ciproquement et font na\u00eetre le d\u00e9sir de go\u00fbter l\u2019autre. Mais la situation est des plus cocasses lorsque les personnages doivent composer avec la s\u00e9duction, leur \u00e9ducation, et les conventions sociales.<br \/>\nLe second tableau parle du d\u00e9sir inavouable de poss\u00e9der l\u2019\u00eatre de l\u2019aim\u00e9. Le po\u00e8te est atrocement tortur\u00e9 par la joie et la vie que d\u00e9gage la femme, qualit\u00e9s qu\u2019il n\u2019a pas. Incapable de poss\u00e9der sa puret\u00e9 comme il le souhaite, il \u00e9prouve le d\u00e9sir de la faire dispara\u00eetre.<br \/>\nLes troisi\u00e8mes et quatri\u00e8mes tableaux sont tr\u00e8s m\u00e9taphoriques. Notre processus cr\u00e9atif a \u00e9t\u00e9 de les r\u00e9p\u00e9ter r\u00e9guli\u00e8rement jusqu\u2019\u00e0 ce que leur myst\u00e8res se d\u00e9voilent peu \u00e0 peu. Rilke d\u00e9crit chez l\u2019homme un d\u00e9sir profond\u00e9ment enfouit dans l\u2019\u00e2me et impossible \u00e0 r\u00e9aliser sous peine de mort. Ce d\u00e9sir est celui de fusionner avec le tout, l\u2019univers, Dieu. Cette frustration d\u2019\u00eatre coup\u00e9 du monde, il la compense avec un second d\u00e9sir plus r\u00e9alisable : celui d\u2019avoir des aventures amoureuses qui ont un caract\u00e8re \u00e9ph\u00e9m\u00e8re et imparfait.<br \/>\nLe spectacle r\u00e9unit ces quatre tableaux pour illustrer progressivement diff\u00e9rentes formes de d\u00e9sir et tenter de r\u00e9pondre aux questions d\u2019\u00e9motion, de comportement et d\u2019identit\u00e9.<\/p>\n<p style=\"text-align: justify\"><strong>Fiche Technique<\/strong><br \/>\nTemps de montage et de d\u00e9montage : 10 minutes.<br \/>\nLa technique du spectacle se limite \u00e0 l\u2019utilisation d\u2019un Macbook duquel sera diffus\u00e9e une bande sonore pour une des deux El\u00e9gies.<\/p>\n<p style=\"text-align: justify\"><strong>Espace et d\u00e9cor<\/strong><br \/>\nLe spectacle est destin\u00e9 \u00e0 \u00eatre pr\u00e9sent\u00e9 dans le Foyer du Th\u00e9\u00e2tre La Grange de Dorigny, dans un espace de 5 m\u00e8tres de large sur 3 m\u00e8tres de profondeur.<br \/>\nLe d\u00e9cor se limite \u00e0 un canap\u00e9 et une table. Pour chacun des tableaux, une toile sera accroch\u00e9e \u00e0 l\u2019arri\u00e8re de la sc\u00e8ne pour cr\u00e9er un espace sc\u00e9nique. Les toiles seront respectivement bleue claire, rouge et noire ou blanche.<br \/>\nNous utilisons un Macbook et un Cajun que nous poss\u00e9dons.<\/p>\n<p>&nbsp;<\/p>\n","protected":false},"excerpt":{"rendered":"<p>Spectacle du Groupe Duo-Duo pr\u00e9sent\u00e9 dans le cadre de l\u2019Association des Ma\u00eetres de la Caverne Dur\u00e9e : 1 heure. Type de spectacle : art de la sc\u00e8ne. Public cibl\u00e9 : [&hellip;]<\/p>\n","protected":false},"author":27,"featured_media":0,"parent":1620,"menu_order":2,"comment_status":"open","ping_status":"closed","template":"","meta":{"_seopress_robots_primary_cat":"","_seopress_titles_title":"","_seopress_titles_desc":"","_seopress_robots_index":"","footnotes":""},"class_list":["post-2902","page","type-page","status-publish"],"_links":{"self":[{"href":"https:\/\/www.asso-unil.ch\/caverne\/wp-json\/wp\/v2\/pages\/2902","targetHints":{"allow":["GET"]}}],"collection":[{"href":"https:\/\/www.asso-unil.ch\/caverne\/wp-json\/wp\/v2\/pages"}],"about":[{"href":"https:\/\/www.asso-unil.ch\/caverne\/wp-json\/wp\/v2\/types\/page"}],"author":[{"embeddable":true,"href":"https:\/\/www.asso-unil.ch\/caverne\/wp-json\/wp\/v2\/users\/27"}],"replies":[{"embeddable":true,"href":"https:\/\/www.asso-unil.ch\/caverne\/wp-json\/wp\/v2\/comments?post=2902"}],"version-history":[{"count":0,"href":"https:\/\/www.asso-unil.ch\/caverne\/wp-json\/wp\/v2\/pages\/2902\/revisions"}],"up":[{"embeddable":true,"href":"https:\/\/www.asso-unil.ch\/caverne\/wp-json\/wp\/v2\/pages\/1620"}],"wp:attachment":[{"href":"https:\/\/www.asso-unil.ch\/caverne\/wp-json\/wp\/v2\/media?parent=2902"}],"curies":[{"name":"wp","href":"https:\/\/api.w.org\/{rel}","templated":true}]}}