{"id":2238,"date":"2013-11-30T09:47:10","date_gmt":"2013-11-30T08:47:10","guid":{"rendered":"http:\/\/www.asso-unil.ch\/caverne\/?page_id=2238"},"modified":"2014-04-12T11:51:25","modified_gmt":"2014-04-12T09:51:25","slug":"liste-dartistes","status":"publish","type":"page","link":"https:\/\/www.asso-unil.ch\/caverne\/archive\/regards\/liste-dartistes\/","title":{"rendered":"Listes d&rsquo;artistes"},"content":{"rendered":"<p>Artistes ayant r\u00e9sid\u00e9 autour du Lac L\u00e9man<\/p>\n<p>Dans l\u2019id\u00e9al, <em>Regards L\u00e9maniques<\/em> portera sur les artistes qui font un lien avec le th\u00e8me de l&rsquo;enfermement vs. libert\u00e9 (I) ou sur d\u2019autres artistes (II).<\/p>\n<p><span style=\"color: #ff00ff\">I. Liens avec l&rsquo;enfermement vs. libert\u00e9<\/span><\/p>\n<p>* Foucault, Michel (philosophe de la prison et de l\u2019enfermement\u00a0; mort le 25 juin 1984, on f\u00eate la 30<sup>e<\/sup> anniversaire de sa mort en 2014)<\/p>\n<p><span style=\"color: #ff00ff\">II. Autres artistes<\/span><\/p>\n<p>Cette liste est ouverte \u2013 on peut ajouter des artistes si leur visite au ch\u00e2teau ou leur lien avec ce dernier est d\u00e9montr\u00e9. La liste sera r\u00e9duite \u00e0 un certain moment, en fonction du choix des \u00e9tudiants et professeurs.<\/p>\n<p>Anouilh, Jean<br \/>\nBalthus (Balthasar Klossowski de Rola)<br \/>\nB\u00e9jart, Maurice<br \/>\nBille, Corinna<br \/>\nBille, Edmond<br \/>\nBocion, Fran\u00e7ois-Louis David<br \/>\nBouvier, Nicolas<br \/>\nBurnand, Eug\u00e8ne<br \/>\nCendrars, Blaise<br \/>\nChateaubriand, Fran\u00e7ois-Ren\u00e9 de<br \/>\nCingria, Charles-Albert<br \/>\nCocteau, Jean<br \/>\nDiderot, Denis<br \/>\nDuchamp, Marcel<br \/>\nGiacometti, Alberto<br \/>\nGodard, Jean-Luc<br \/>\nGrandson, Othan de<br \/>\nLamartine, Alphonse de<br \/>\nMeunier, Pierre<br \/>\nRolland, Romain<br \/>\nSimenon, George<br \/>\nVallotton, F\u00e9lix<\/p>\n<p>D\u00fcrer, Albrecht<br \/>\nHodler, Ferdinand<br \/>\nKlee, Paul<br \/>\nMann, Thomas<br \/>\nMeysenbug, Malwida von<br \/>\nMusil, Robert<br \/>\nNietzsche, Friedrich<br \/>\nStockhausen, Karlheinz<br \/>\nTinguely, Jean<br \/>\nWagner, Richard<br \/>\nWalser, Robert<br \/>\nWitz, Konrad<\/p>\n<p>Brown, Ford Madox<br \/>\nCaulfield, Patrick<br \/>\nDickens, Charles<br \/>\nHighsmith, Patricia<br \/>\nPolidori, John<br \/>\nRuskin, John<br \/>\nTwain, Mark (Samuel Langhorne Clemens)<\/p>\n<p>Courbet, Gustave<br \/>\nDelacroix, Eug\u00e8ne<br \/>\nDumas, Alexandre<br \/>\nFlaubert, Gustave<br \/>\nHugo, Victor<br \/>\nRamuz, Charles-Ferdinand<br \/>\nRousseau, Jean-Jacques<br \/>\nSoutter, Louis<\/p>\n<p>Byron, Lord (George Gordon)<br \/>\nChaplin, Charlie<br \/>\nHemingway, Ernest<br \/>\nHenry, James<br \/>\nNabokov, Vladimir<br \/>\nShelley, Mary<br \/>\nTurner, William<\/p>\n<p>Dali, Salvador<br \/>\nDosto\u00efevski, Fjodor<br \/>\nGoethe, Johann Wolfgang<br \/>\nGogol, Nicolas<br \/>\nKokoschka, Oskar<br \/>\nRilke, Rainer Maria<br \/>\nTolsto\u00ef, Lev Nikola\u00efevitch<\/p>\n<p>Kandinsky, Vassily<br \/>\nMarkevitch, Igor<br \/>\nPaderewski, Ignacy<br \/>\nRachmaninov, Sergue\u00ef<br \/>\nStravinsky, Igor<\/p>\n<p>Andersen, Hans Christian<br \/>\nBorges, Jorge Luis<\/p>\n<p>&#8212;&#8212;&#8212;&#8212;&#8212;&#8212;&#8212;&#8212;&#8212;&#8212;&#8212;&#8212;&#8212;&#8212;&#8212;&#8212;&#8212;&#8212;&#8212;&#8212;&#8212;&#8212;&#8212;&#8212;&#8212;&#8212;&#8212;&#8212;&#8212;&#8212;&#8212;&#8212;&#8212;&#8212;&#8212;&#8212;&#8212;&#8212;&#8212;&#8212;&#8212;&#8212;&#8212;&#8212;&#8212;&#8212;&#8212;<br \/>\nUne plateforme interactive pour les travaux en cours se trouve sur moodle2.unil.ch &gt; facult\u00e9 des Lettres &gt; section de philosophie sous le nom MdC Projet Chillon &gt; acc\u00e8s par notre chiffre magique 23<br \/>\n&#8212;&#8212;&#8212;&#8212;&#8212;&#8212;&#8212;&#8212;&#8212;&#8212;&#8212;&#8212;&#8212;&#8212;&#8212;&#8212;&#8212;&#8212;&#8212;&#8212;&#8212;&#8212;&#8212;&#8212;&#8212;&#8212;&#8212;&#8212;&#8212;&#8212;&#8212;&#8212;&#8212;&#8212;&#8212;&#8212;&#8212;&#8212;&#8212;&#8212;&#8212;&#8212;&#8212;&#8212;&#8212;&#8212;&#8212;<\/p>\n","protected":false},"excerpt":{"rendered":"<p>Artistes ayant r\u00e9sid\u00e9 autour du Lac L\u00e9man Dans l\u2019id\u00e9al, Regards L\u00e9maniques portera sur les artistes qui font un lien avec le th\u00e8me de l&rsquo;enfermement vs. libert\u00e9 (I) ou sur d\u2019autres [&hellip;]<\/p>\n","protected":false},"author":27,"featured_media":0,"parent":2156,"menu_order":2,"comment_status":"closed","ping_status":"closed","template":"","meta":{"_seopress_robots_primary_cat":"","_seopress_titles_title":"","_seopress_titles_desc":"","_seopress_robots_index":"","footnotes":""},"class_list":["post-2238","page","type-page","status-publish"],"_links":{"self":[{"href":"https:\/\/www.asso-unil.ch\/caverne\/wp-json\/wp\/v2\/pages\/2238","targetHints":{"allow":["GET"]}}],"collection":[{"href":"https:\/\/www.asso-unil.ch\/caverne\/wp-json\/wp\/v2\/pages"}],"about":[{"href":"https:\/\/www.asso-unil.ch\/caverne\/wp-json\/wp\/v2\/types\/page"}],"author":[{"embeddable":true,"href":"https:\/\/www.asso-unil.ch\/caverne\/wp-json\/wp\/v2\/users\/27"}],"replies":[{"embeddable":true,"href":"https:\/\/www.asso-unil.ch\/caverne\/wp-json\/wp\/v2\/comments?post=2238"}],"version-history":[{"count":0,"href":"https:\/\/www.asso-unil.ch\/caverne\/wp-json\/wp\/v2\/pages\/2238\/revisions"}],"up":[{"embeddable":true,"href":"https:\/\/www.asso-unil.ch\/caverne\/wp-json\/wp\/v2\/pages\/2156"}],"wp:attachment":[{"href":"https:\/\/www.asso-unil.ch\/caverne\/wp-json\/wp\/v2\/media?parent=2238"}],"curies":[{"name":"wp","href":"https:\/\/api.w.org\/{rel}","templated":true}]}}