{"id":2199,"date":"2013-11-27T13:22:57","date_gmt":"2013-11-27T12:22:57","guid":{"rendered":"http:\/\/www.asso-unil.ch\/caverne\/?page_id=2199"},"modified":"2014-09-27T11:50:58","modified_gmt":"2014-09-27T09:50:58","slug":"18-dec","status":"publish","type":"page","link":"https:\/\/www.asso-unil.ch\/caverne\/banquets\/banquets\/18-dec\/","title":{"rendered":"Banquet du 18 d\u00e9cembre 2013, fin de semestre"},"content":{"rendered":"<p style=\"text-align: justify\">Les Ma\u00eetres de la Caverne organisent le banquet de la fin du semestre mercredi 18 d\u00e9cembre au Foyer de la Grange de Dorigny. Pendant l&rsquo;apr\u00e8s-midi, de 15h \u00e0 17h30, nous parlerons de l&rsquo;<a title=\"\u0152uvre 23\" href=\"https:\/\/www.asso-unil.ch\/caverne\/oeuvre-23\/\"><em>\u0152uvre 23<\/em><\/a>. A partir de 17h30, la soir\u00e9e sera d\u00e9di\u00e9e aux projets des \u00e9tudiant-e-s et chercheur-e-s, dont ceux pour le Festival F\u00e9cule du Th\u00e9\u00e2tre La Grange de Dorigny.<\/p>\n<p style=\"text-align: justify\">Pour l&rsquo;encadrement et le soutien de ces projets, leur avancement et le d\u00e9veloppement de leurs divers aspects sera discut\u00e9. Nous commencerons par les projets de danse (avec extraits), puis aborderons les projets d&rsquo;expo, assisterons \u00e0 une d\u00e9monstration de jeux de r\u00f4le et terminerons la soir\u00e9e par les projets de th\u00e9\u00e2tre, narration et lectures. Les Ma\u00eetres de la Caverne organisent \u00e9galement plusieurs stages, notamment litt\u00e9raires et th\u00e9\u00e2traux, pour soutenir ces projets.<\/p>\n<p style=\"text-align: justify\">Un succulent repas accompagnera la soir\u00e9e, et nous vous demandons de contribuer \u00e0 ce festin en apportant un petit quelque chose \u00e0 manger ou \u00e0 boire.<\/p>\n<p><strong>Programme\u00a0:<\/strong><\/p>\n<p>15:00 Discussion autour de l&rsquo;<em>\u0152uvre 23<\/em><\/p>\n<p>17:30 Accueil<\/p>\n<p>18:00 Pr\u00e9sentation du livre\u00a0<em>Des accords \u00e9quivoques<\/em>, par Yves Erard, Jos\u00e9phine Stebler, Claude Welscher et Christian Indermuhle, membres du Groupe Anthropologie et Th\u00e9\u00e2tre<\/p>\n<p>19:00 Projection d&rsquo;un extrait du spectacle <a href=\"https:\/\/www.asso-unil.ch\/caverne\/colere\/projets\/desir-danse\/\">D\u00e9sir et Danse<\/a>, par la Cie Comme \u00c7a<\/p>\n<p>19:20 Pr\u00e9sentation de l&rsquo;<a href=\"https:\/\/www.asso-unil.ch\/caverne\/opposition-danses\/\">Opposition des Danses<\/a>, par Helena Klima, Alexandre Trejo et Ga\u00e9tan Schneider<\/p>\n<p>19:40 Pr\u00e9sentation de\u00a0<a href=\"https:\/\/www.asso-unil.ch\/caverne\/colere\/projets\/chat\/\">Chat, j\u2019en veux !<\/a>, par Aur\u00e9lie Ang\u00e9loz<\/p>\n<p><span style=\"line-height: 1.4em\">20:00 D\u00e9monstration de\u00a0<\/span><a style=\"line-height: 1.4em\" href=\"https:\/\/www.asso-unil.ch\/caverne\/colere\/projets\/jeu\/\">Jeu de r\u00f4le<\/a><span style=\"line-height: 1.4em\">, par Gr\u00e9gory Thonney<\/span><\/p>\n<p>20:40 Projection d&rsquo;un court prototype vid\u00e9o sur <a title=\"Philosophie de la Col\u00e8re \u2013 Ludovic Rime\" href=\"https:\/\/www.asso-unil.ch\/caverne\/colere\/projets\/philo\/\">Philosophie de la col\u00e8re<\/a>, par\u00a0Ludovic Rime<\/p>\n<p>21:00 Projection d&rsquo;une partie de\u00a0<a href=\"https:\/\/www.asso-unil.ch\/caverne\/colere\/projets\/portraits\/\">Triptyque<\/a>, par Anne Voeffray<\/p>\n<p>21:20 Pr\u00e9sentation des\u00a0<a href=\"https:\/\/www.asso-unil.ch\/caverne\/colere\/projets\/ecritures\/\">Ecritures du d\u00e9sir et de la col\u00e8re<\/a>, par Thibaud Mettraux<\/p>\n<p>21:40 Pr\u00e9sentation d&rsquo;une interpr\u00e9tation musicale, par Valentine et Gabriel<\/p>\n<p>&nbsp;<\/p>\n<p>&nbsp;<\/p>\n<p>&nbsp;<\/p>\n<p>&nbsp;<\/p>\n","protected":false},"excerpt":{"rendered":"<p>Les Ma\u00eetres de la Caverne organisent le banquet de la fin du semestre mercredi 18 d\u00e9cembre au Foyer de la Grange de Dorigny. Pendant l&rsquo;apr\u00e8s-midi, de 15h \u00e0 17h30, nous [&hellip;]<\/p>\n","protected":false},"author":27,"featured_media":0,"parent":1274,"menu_order":6,"comment_status":"open","ping_status":"closed","template":"","meta":{"_seopress_robots_primary_cat":"","_seopress_titles_title":"","_seopress_titles_desc":"","_seopress_robots_index":"","footnotes":""},"class_list":["post-2199","page","type-page","status-publish"],"_links":{"self":[{"href":"https:\/\/www.asso-unil.ch\/caverne\/wp-json\/wp\/v2\/pages\/2199","targetHints":{"allow":["GET"]}}],"collection":[{"href":"https:\/\/www.asso-unil.ch\/caverne\/wp-json\/wp\/v2\/pages"}],"about":[{"href":"https:\/\/www.asso-unil.ch\/caverne\/wp-json\/wp\/v2\/types\/page"}],"author":[{"embeddable":true,"href":"https:\/\/www.asso-unil.ch\/caverne\/wp-json\/wp\/v2\/users\/27"}],"replies":[{"embeddable":true,"href":"https:\/\/www.asso-unil.ch\/caverne\/wp-json\/wp\/v2\/comments?post=2199"}],"version-history":[{"count":0,"href":"https:\/\/www.asso-unil.ch\/caverne\/wp-json\/wp\/v2\/pages\/2199\/revisions"}],"up":[{"embeddable":true,"href":"https:\/\/www.asso-unil.ch\/caverne\/wp-json\/wp\/v2\/pages\/1274"}],"wp:attachment":[{"href":"https:\/\/www.asso-unil.ch\/caverne\/wp-json\/wp\/v2\/media?parent=2199"}],"curies":[{"name":"wp","href":"https:\/\/api.w.org\/{rel}","templated":true}]}}