{"id":1962,"date":"2013-09-19T13:07:57","date_gmt":"2013-09-19T11:07:57","guid":{"rendered":"http:\/\/www.asso-unil.ch\/caverne\/?page_id=1962"},"modified":"2015-03-03T22:50:04","modified_gmt":"2015-03-03T21:50:04","slug":"desir-danse","status":"publish","type":"page","link":"https:\/\/www.asso-unil.ch\/caverne\/projets\/projets-2013-2014\/desir-danse\/","title":{"rendered":"D\u00e9sir et Danse &#8211; Cie Comme \u00e7a"},"content":{"rendered":"<p>La Cie Comme \u00e7a a \u00e9t\u00e9 fond\u00e9e en janvier 2006. Son but est de permettre \u00e0 des personnes aimant danser, quelles que soient leur exp\u00e9rience et leurs ambitions, de participer \u00e0 la cr\u00e9ation d\u2019un spectacle de danse. La compagnie est en perp\u00e9tuelle \u00e9volution et accueille r\u00e9guli\u00e8rement des nouveaux participants.<\/p>\n<p>Compos\u00e9e majoritairement d\u2019\u00e9tudiantes de l\u2019Universit\u00e9 de Lausanne, la compagnie \u00e0 d\u00e9cider, cette ann\u00e9e, de r\u00e9pondre au d\u00e9fi des Ma\u00eetres de la Caverne et de cr\u00e9er son prochain spectacle sur le th\u00e8me du <b>d\u00e9sir<\/b>.<\/p>\n<p>Autour de ce th\u00e8me, nous allons tenter d\u2019exprimer, le ressenti physique que procure cette intense passion.<\/p>\n<p>Inspir\u00e9 de la philosophie de Gilles Deleuze et F\u00e9lix Guattari, le spectacle que nous montons actuellement explore les relations entre le concept de d\u00e9sir qu\u2019ils d\u00e9veloppent et la danse. Con\u00e7u comme un agencement, mais aussi comme un \u00e9lan d\u00e9passant le comblement du manque pour entra\u00eener le sujet au-del\u00e0 de lui-m\u00eame, le d\u00e9sir selon Deleuze et Guattari pourrait aussi bien \u00eatre de la danse. En effet, qu\u2019est-ce que danser si ce n\u2019est organiser le corps, support\/mati\u00e8re des intensit\u00e9s ressenties, en relation avec les motifs musicaux et l\u2019espace\u00a0? Surgissement hors de soi, la danse est toujours, pour la danseuse, l\u2019inscription dans une situation qui lui \u00e9chappe partiellement, o\u00f9 le sens et l\u2019\u00e9motion se produisent \u00e0 travers l\u2019agencement des \u00e9l\u00e9ments avec lesquels elle \u00e9volue, sans pouvoir \u00eatre r\u00e9duits \u00e0 une communication de codes d\u00e9j\u00e0 signifiant.<\/p>\n<p>Ces parent\u00e9s entre d\u00e9sir et danse forme le fil rouge de la prochaine cr\u00e9ation que la Cie Comme \u00e7a souhaite mettre en sc\u00e8ne.<\/p>\n","protected":false},"excerpt":{"rendered":"<p>La Cie Comme \u00e7a a \u00e9t\u00e9 fond\u00e9e en janvier 2006. Son but est de permettre \u00e0 des personnes aimant danser, quelles que soient leur exp\u00e9rience et leurs ambitions, de participer [&hellip;]<\/p>\n","protected":false},"author":27,"featured_media":0,"parent":1620,"menu_order":5,"comment_status":"open","ping_status":"closed","template":"","meta":{"_seopress_robots_primary_cat":"","_seopress_titles_title":"","_seopress_titles_desc":"","_seopress_robots_index":"","footnotes":""},"class_list":["post-1962","page","type-page","status-publish"],"_links":{"self":[{"href":"https:\/\/www.asso-unil.ch\/caverne\/wp-json\/wp\/v2\/pages\/1962","targetHints":{"allow":["GET"]}}],"collection":[{"href":"https:\/\/www.asso-unil.ch\/caverne\/wp-json\/wp\/v2\/pages"}],"about":[{"href":"https:\/\/www.asso-unil.ch\/caverne\/wp-json\/wp\/v2\/types\/page"}],"author":[{"embeddable":true,"href":"https:\/\/www.asso-unil.ch\/caverne\/wp-json\/wp\/v2\/users\/27"}],"replies":[{"embeddable":true,"href":"https:\/\/www.asso-unil.ch\/caverne\/wp-json\/wp\/v2\/comments?post=1962"}],"version-history":[{"count":0,"href":"https:\/\/www.asso-unil.ch\/caverne\/wp-json\/wp\/v2\/pages\/1962\/revisions"}],"up":[{"embeddable":true,"href":"https:\/\/www.asso-unil.ch\/caverne\/wp-json\/wp\/v2\/pages\/1620"}],"wp:attachment":[{"href":"https:\/\/www.asso-unil.ch\/caverne\/wp-json\/wp\/v2\/media?parent=1962"}],"curies":[{"name":"wp","href":"https:\/\/api.w.org\/{rel}","templated":true}]}}