{"id":1658,"date":"2013-05-03T13:46:15","date_gmt":"2013-05-03T11:46:15","guid":{"rendered":"http:\/\/www.asso-unil.ch\/caverne\/?page_id=1658"},"modified":"2020-05-06T10:02:00","modified_gmt":"2020-05-06T08:02:00","slug":"jeu","status":"publish","type":"page","link":"https:\/\/www.asso-unil.ch\/caverne\/projets\/projets-2013-2014\/jeu\/","title":{"rendered":"Coups de d\u00e9s &#8211; Gr\u00e9gory Thonney"},"content":{"rendered":"<p>Documentaire vid\u00e9o<\/p>\n<p>\u00ab Toute pens\u00e9e \u00e9met un coup de d\u00e9s \u00bb \u2013 St\u00e9phane Mallarm\u00e9<\/p>\n<p style=\"text-align: justify\"><strong>Pr\u00e9sentation du responsable<\/strong><\/p>\n<p style=\"text-align: justify\">Gr\u00e9gory Thonney est dans sa troisi\u00e8me ann\u00e9e universitaire en Lettres, il a pr\u00e9sent\u00e9 l&rsquo;ann\u00e9e derni\u00e8re au F\u00e9cule une joute rh\u00e9torique en compagnie de Gil Terra : Futur de la Guerre (spectacle retenu pour le festival Point. Virgule, de la m\u00eame ann\u00e9e).<\/p>\n<p style=\"text-align: justify\">Autre personne li\u00e9e au projet : Stefano Torres, pour aide \u00e0 la r\u00e9alisation<br \/>\nDur\u00e9e : 30 minutes<br \/>\nType : Documentaire vid\u00e9o subjectif<br \/>\nPublic : 14 ans et plus<br \/>\nProjet destin\u00e9 \u00e0 \u00eatre pr\u00e9sent\u00e9 : Dans la salle de spectacle et dans le foyer de la Grange<\/p>\n<p style=\"text-align: justify\"><strong>R\u00e9sum\u00e9 du projet<\/strong><\/p>\n<p style=\"text-align: justify\">Selon Mallarm\u00e9, toute pens\u00e9e \u00e9met un coup de d\u00e9s. Bien que le po\u00e8te ne pensait sans doute pas \u00e0 la pratique du jeu de r\u00f4le en concluant son Coup de d\u00e9s, cela n&rsquo;enl\u00e8ve rien \u00e0 la justesse de cette devise le concernant. Quatre \u00e0 six personnes autours d&rsquo;une table qui concr\u00e9tisent leur imagination en faisant rouler des d\u00e9s, sous le jugement averti d&rsquo;une meneur de jeu ; un conte interactif est en place, un lieu est cr\u00e9\u00e9 pour les envies d&rsquo;aventures des joueurs. Le jeu de r\u00f4le est beaucoup de choses mais il est surtout jeu, cr\u00e9ation et mise en sc\u00e8ne. Trois aspects que le documentaire explore et compare avec d&rsquo;autres domaines comme la litt\u00e9rature ou le th\u00e9\u00e2tre. Il s&rsquo;agit d&rsquo;un voyage&nbsp;pour souligner le prestige d&rsquo;un passe-temps m\u00e9connu mais qui fait pourtant appel \u00e0 des m\u00e9canismes propre aux plus grands artistes. Certaines \u00e9motions, comme la col\u00e8re ou le d\u00e9sir, se ressentent et se jouent autours d&rsquo;une table aussi intens\u00e9ment que sur les planches.<\/p>\n<p style=\"text-align: justify\"><strong>Note d&rsquo;intention artistique<\/strong><\/p>\n<p style=\"text-align: justify\">Le principal int\u00e9r\u00eat de ce projet est d&rsquo;apporter un oeil nouveau sur un m\u00e9dia qui est souvent consid\u00e9r\u00e9 comme un simple passe-temps. Par une approche en trois axes (cr\u00e9ation, jeu, et mise en sc\u00e8ne), le documentaire veut montrer que le jeu de r\u00f4le peut se concevoir comme une conjugaison de plusieurs arts. Il s&rsquo;agira de mettre en parall\u00e8le des t\u00e9moignages d&rsquo;artistes avec certains moments d&rsquo;une partie de jeu de r\u00f4le afin de montrer ce que ce m\u00e9dia peut offrir. Une narration sera assur\u00e9e par une voix over pour certaines s\u00e9quences, traitent de mani\u00e8re subjective de l&rsquo;art et de la cr\u00e9ation.<\/p>\n<p style=\"text-align: justify\">D&rsquo;un point de vue personnel, il y a aussi la volont\u00e9 de traiter de mani\u00e8re culturelle, artistique et universitaire, un sujet qui, \u00e0 premi\u00e8re vue, ne l&rsquo;est pas. C&rsquo;est ici un regard port\u00e9 sur le milieu acad\u00e9mique qui, tacitement, indique quels m\u00e9dias sont dignes d&rsquo;\u00e9tudes et lesquels sont \u00e0 m\u00e9priser.<\/p>\n\n<!-- iframe plugin v.6.0 wordpress.org\/plugins\/iframe\/ -->\n<iframe loading=\"lazy\" src=\"https:\/\/sepia.unil.ch\/xertetoolkits\/play.php?template_id=801\" height=\"600\" width=\"800\" scrolling=\"yes\" class=\"iframe-class\" frameborder=\"0\"><\/iframe>\n\n","protected":false},"excerpt":{"rendered":"<p>Documentaire vid\u00e9o \u00ab Toute pens\u00e9e \u00e9met un coup de d\u00e9s \u00bb \u2013 St\u00e9phane Mallarm\u00e9 Pr\u00e9sentation du responsable Gr\u00e9gory Thonney est dans sa troisi\u00e8me ann\u00e9e universitaire en Lettres, il a pr\u00e9sent\u00e9 [&hellip;]<\/p>\n","protected":false},"author":16,"featured_media":0,"parent":1620,"menu_order":11,"comment_status":"open","ping_status":"closed","template":"","meta":{"_seopress_robots_primary_cat":"","_seopress_titles_title":"","_seopress_titles_desc":"","_seopress_robots_index":"","footnotes":""},"class_list":["post-1658","page","type-page","status-publish"],"_links":{"self":[{"href":"https:\/\/www.asso-unil.ch\/caverne\/wp-json\/wp\/v2\/pages\/1658","targetHints":{"allow":["GET"]}}],"collection":[{"href":"https:\/\/www.asso-unil.ch\/caverne\/wp-json\/wp\/v2\/pages"}],"about":[{"href":"https:\/\/www.asso-unil.ch\/caverne\/wp-json\/wp\/v2\/types\/page"}],"author":[{"embeddable":true,"href":"https:\/\/www.asso-unil.ch\/caverne\/wp-json\/wp\/v2\/users\/16"}],"replies":[{"embeddable":true,"href":"https:\/\/www.asso-unil.ch\/caverne\/wp-json\/wp\/v2\/comments?post=1658"}],"version-history":[{"count":0,"href":"https:\/\/www.asso-unil.ch\/caverne\/wp-json\/wp\/v2\/pages\/1658\/revisions"}],"up":[{"embeddable":true,"href":"https:\/\/www.asso-unil.ch\/caverne\/wp-json\/wp\/v2\/pages\/1620"}],"wp:attachment":[{"href":"https:\/\/www.asso-unil.ch\/caverne\/wp-json\/wp\/v2\/media?parent=1658"}],"curies":[{"name":"wp","href":"https:\/\/api.w.org\/{rel}","templated":true}]}}