{"id":1468,"date":"2013-01-14T15:28:53","date_gmt":"2013-01-14T14:28:53","guid":{"rendered":"http:\/\/www.asso-unil.ch\/caverne\/?page_id=1468"},"modified":"2014-04-12T11:52:00","modified_gmt":"2014-04-12T09:52:00","slug":"lhomme-peut-il-se-passer-de-la-guerre-mise-en-scene-de-gil-terra-et-gregory-thonney","status":"publish","type":"page","link":"https:\/\/www.asso-unil.ch\/caverne\/projets\/projets-2012-2013\/projets\/lhomme-peut-il-se-passer-de-la-guerre-mise-en-scene-de-gil-terra-et-gregory-thonney\/","title":{"rendered":"L\u2019homme peut-il se passer de la guerre ? (mise en sc\u00e8ne de Gil Terra et Gregory Thonney)"},"content":{"rendered":"<p>Le projet expose un d\u00e9bat t\u00e9l\u00e9vis\u00e9 du futur. Apr\u00e8s un passage film\u00e9 et projet\u00e9 o\u00f9 un r\u00f4le de journaliste introduit le d\u00e9bat, deux intervenants prennent la parole pour d\u00e9fendre leur position quant \u00e0 une possible fin de la guerre. Les contraintes du d\u00e9bat sont les suivantes\u00a0: chacun des orateurs dispose d\u2019un quota de temps de 15 minutes, lequel se voit activ\u00e9 et mis en pause par la pression d\u2019un interrupteur. La parole est pass\u00e9e de l\u2019un \u00e0 l\u2019autre comme lors d\u2019une partie d\u2019\u00e9checs. Lors du d\u00e9bat, des points sont comptabilis\u00e9s comme pour un match en fonction des outils rh\u00e9toriques d\u00e9ploy\u00e9s par les intervenants.<\/p>\n<p>Les deux intervenants se distinguent par leurs opinions autant que par leur rh\u00e9torique. D\u2019un c\u00f4t\u00e9, nous avons un rh\u00e9teur sanguin qui parle avec v\u00e9h\u00e9mence et une gestuelle ample\u00a0: il d\u00e9fend que la fin de la guerre est possible et n\u00e9cessaire\u00a0; de l\u2019autre, nous avons un rh\u00e9teur calme, r\u00e9fl\u00e9chi \u00e0 la gestuelle plus sobre\u00a0: il d\u00e9fend que l\u2019homme ne peut se passer de la guerre.<\/p>\n","protected":false},"excerpt":{"rendered":"<p>Le projet expose un d\u00e9bat t\u00e9l\u00e9vis\u00e9 du futur. Apr\u00e8s un passage film\u00e9 et projet\u00e9 o\u00f9 un r\u00f4le de journaliste introduit le d\u00e9bat, deux intervenants prennent la parole pour d\u00e9fendre leur [&hellip;]<\/p>\n","protected":false},"author":27,"featured_media":0,"parent":1120,"menu_order":0,"comment_status":"closed","ping_status":"closed","template":"","meta":{"_seopress_robots_primary_cat":"","_seopress_titles_title":"","_seopress_titles_desc":"","_seopress_robots_index":"","footnotes":""},"class_list":["post-1468","page","type-page","status-publish"],"_links":{"self":[{"href":"https:\/\/www.asso-unil.ch\/caverne\/wp-json\/wp\/v2\/pages\/1468","targetHints":{"allow":["GET"]}}],"collection":[{"href":"https:\/\/www.asso-unil.ch\/caverne\/wp-json\/wp\/v2\/pages"}],"about":[{"href":"https:\/\/www.asso-unil.ch\/caverne\/wp-json\/wp\/v2\/types\/page"}],"author":[{"embeddable":true,"href":"https:\/\/www.asso-unil.ch\/caverne\/wp-json\/wp\/v2\/users\/27"}],"replies":[{"embeddable":true,"href":"https:\/\/www.asso-unil.ch\/caverne\/wp-json\/wp\/v2\/comments?post=1468"}],"version-history":[{"count":0,"href":"https:\/\/www.asso-unil.ch\/caverne\/wp-json\/wp\/v2\/pages\/1468\/revisions"}],"up":[{"embeddable":true,"href":"https:\/\/www.asso-unil.ch\/caverne\/wp-json\/wp\/v2\/pages\/1120"}],"wp:attachment":[{"href":"https:\/\/www.asso-unil.ch\/caverne\/wp-json\/wp\/v2\/media?parent=1468"}],"curies":[{"name":"wp","href":"https:\/\/api.w.org\/{rel}","templated":true}]}}