{"id":586,"date":"2017-06-06T16:34:10","date_gmt":"2017-06-06T14:34:10","guid":{"rendered":"http:\/\/www.asso-unil.ch\/archipel\/?page_id=586"},"modified":"2018-06-11T12:27:52","modified_gmt":"2018-06-11T10:27:52","slug":"etat-des-non-lieux","status":"publish","type":"page","link":"https:\/\/www.asso-unil.ch\/archipel\/etat-des-non-lieux\/","title":{"rendered":"\u00c9tat des non-lieux"},"content":{"rendered":"<p><img alt=\"\" loading=\"lazy\" decoding=\"async\" src=\"https:\/\/www.asso-unil.ch\/archipel\/files\/2018\/06\/archipel38-180x300.png\" alt=\"\" width=\"180\" height=\"300\" class=\"alignnone size-medium wp-image-697\" srcset=\"https:\/\/www.asso-unil.ch\/archipel\/files\/2018\/06\/archipel38-180x300.png 180w, https:\/\/www.asso-unil.ch\/archipel\/files\/2018\/06\/archipel38.png 512w\" sizes=\"auto, (max-width: 180px) 100vw, 180px\" \/><\/p>\n<h3>Le Cahier<\/h3>\n<p>Colin Pahlisch,<em> Mont\u00e9e de la nuit<\/em><br \/>\nPhilippe Testa, <em>Dans les fils d\u2019une moquette bleue<\/em><br \/>\nAnna Jouy, <em>Consigne<\/em><br \/>\nAude Seigne, <em>Souvenirs de l\u2019oc\u00e9an<\/em><br \/>\nAndr\u00e9 Ourednik, <em>D\u00e9rives dans l\u2019espace syncr\u00e9tique : les a\u00e9roports et leurs lieux de pri\u00e8re<\/em><br \/>\nAaron M\u00e9an, <em>Absence <\/em>(photographies)<\/p>\n<h3>Le Regard d\u2019ailleurs<\/h3>\n<p>Sanaz Safari, <em>Madame Simine<\/em><\/p>\n<h3>Poursuite<\/h3>\n<p>Xochitl Borel, <em>Jasmin<\/em><\/p>\n<h3>La Sorge<\/h3>\n<p>Joanne Chassot, <em>Le blanc<\/em><br \/>\nAuguste Cheval, <em>Le sel<\/em><br \/>\nClaire-May Blanc, <em>20 Minutes<\/em><\/p>\n","protected":false},"excerpt":{"rendered":"<p>Le Cahier Colin Pahlisch, Mont\u00e9e de la nuit Philippe Testa, Dans les fils d\u2019une moquette bleue Anna Jouy, Consigne Aude Seigne, Souvenirs de l\u2019oc\u00e9an Andr\u00e9 Ourednik, D\u00e9rives dans&hellip;<\/p>\n","protected":false},"author":11,"featured_media":0,"parent":0,"menu_order":1,"comment_status":"closed","ping_status":"closed","template":"","meta":{"_seopress_robots_primary_cat":"","_seopress_titles_title":"","_seopress_titles_desc":"","_seopress_robots_index":"","footnotes":""},"class_list":["post-586","page","type-page","status-publish","has-post-thumbnail"],"_links":{"self":[{"href":"https:\/\/www.asso-unil.ch\/archipel\/wp-json\/wp\/v2\/pages\/586","targetHints":{"allow":["GET"]}}],"collection":[{"href":"https:\/\/www.asso-unil.ch\/archipel\/wp-json\/wp\/v2\/pages"}],"about":[{"href":"https:\/\/www.asso-unil.ch\/archipel\/wp-json\/wp\/v2\/types\/page"}],"author":[{"embeddable":true,"href":"https:\/\/www.asso-unil.ch\/archipel\/wp-json\/wp\/v2\/users\/11"}],"replies":[{"embeddable":true,"href":"https:\/\/www.asso-unil.ch\/archipel\/wp-json\/wp\/v2\/comments?post=586"}],"version-history":[{"count":0,"href":"https:\/\/www.asso-unil.ch\/archipel\/wp-json\/wp\/v2\/pages\/586\/revisions"}],"wp:attachment":[{"href":"https:\/\/www.asso-unil.ch\/archipel\/wp-json\/wp\/v2\/media?parent=586"}],"curies":[{"name":"wp","href":"https:\/\/api.w.org\/{rel}","templated":true}]}}