{"id":541,"date":"2016-03-21T14:05:34","date_gmt":"2016-03-21T13:05:34","guid":{"rendered":"http:\/\/www.asso-unil.ch\/archipel\/?page_id=541"},"modified":"2018-06-11T12:04:46","modified_gmt":"2018-06-11T10:04:46","slug":"avant-tout-la-fin","status":"publish","type":"page","link":"https:\/\/www.asso-unil.ch\/archipel\/avant-tout-la-fin\/","title":{"rendered":"Avant tout, la fin"},"content":{"rendered":"<p><a href=\"https:\/\/www.asso-unil.ch\/archipel\/files\/2012\/12\/35Couverture.jpg\" rel=\"attachment wp-att-457\"><img loading=\"lazy\" decoding=\"async\" class=\"alignnone size-medium wp-image-457\" src=\"https:\/\/www.asso-unil.ch\/archipel\/files\/2012\/12\/35Couverture-181x300.jpg\" alt=\"35Couverture\" width=\"181\" height=\"300\" srcset=\"https:\/\/www.asso-unil.ch\/archipel\/files\/2012\/12\/35Couverture-181x300.jpg 181w, https:\/\/www.asso-unil.ch\/archipel\/files\/2012\/12\/35Couverture-618x1024.jpg 618w, https:\/\/www.asso-unil.ch\/archipel\/files\/2012\/12\/35Couverture-768x1272.jpg 768w, https:\/\/www.asso-unil.ch\/archipel\/files\/2012\/12\/35Couverture-927x1536.jpg 927w, https:\/\/www.asso-unil.ch\/archipel\/files\/2012\/12\/35Couverture-1237x2048.jpg 1237w, https:\/\/www.asso-unil.ch\/archipel\/files\/2012\/12\/35Couverture-scaled.jpg 1546w\" sizes=\"auto, (max-width: 181px) 100vw, 181px\" \/><\/a><br \/>\n(Archipel 35, d\u00e9cembre 2012)<\/p>\n<p><strong>Le Cahier<\/strong><br \/>\nRapha\u00ebl Baroni, <em>Lire avant la fin<\/em><br \/>\nJean-Fran\u00e7ois Haas, <em>Fin de r\u00eave<\/em><br \/>\nColin Pahlisch, <em>Hirsute<\/em><br \/>\nRoland Jaccard,<em> Le d\u00e9sir d&rsquo;en finir<\/em><br \/>\nLuc Guillemot, <em>Des vacances<\/em><br \/>\nPierre Lepori,<em> \u2026en finir (avec la po\u00e9sie)<\/em><br \/>\nElodie Glerum, <em>La Chambre<\/em><br \/>\nQuentin Mouron, <em>Prologue I<\/em><\/p>\n<p><strong>Poursuites<\/strong><br \/>\nIsabelle Fl\u00fcckiger, <em>L&rsquo;Hiver<\/em><br \/>\nAlexandre Friederich, <em>Extrait de deux manuscrits en cours<\/em><\/p>\n<p><strong>La Sorge<\/strong><br \/>\nNo\u00e9mie Emery, <em>La pauvre aventure de Monsieur Victor Tesson<\/em><br \/>\nClaudine Gaetzi, <em>Dans le filet<\/em><br \/>\nSt\u00e9phane Habersaat, <em>Les petits carnets bleus<\/em><\/p>\n<p>&nbsp;<\/p>\n","protected":false},"excerpt":{"rendered":"<p>(Archipel 35, d\u00e9cembre 2012) Le Cahier Rapha\u00ebl Baroni, Lire avant la fin Jean-Fran\u00e7ois Haas, Fin de r\u00eave Colin Pahlisch, Hirsute Roland Jaccard, Le d\u00e9sir d&rsquo;en finir Luc Guillemot,&hellip;<\/p>\n","protected":false},"author":11,"featured_media":0,"parent":0,"menu_order":4,"comment_status":"closed","ping_status":"closed","template":"","meta":{"_seopress_robots_primary_cat":"","_seopress_titles_title":"","_seopress_titles_desc":"","_seopress_robots_index":"","footnotes":""},"class_list":["post-541","page","type-page","status-publish","has-post-thumbnail"],"_links":{"self":[{"href":"https:\/\/www.asso-unil.ch\/archipel\/wp-json\/wp\/v2\/pages\/541","targetHints":{"allow":["GET"]}}],"collection":[{"href":"https:\/\/www.asso-unil.ch\/archipel\/wp-json\/wp\/v2\/pages"}],"about":[{"href":"https:\/\/www.asso-unil.ch\/archipel\/wp-json\/wp\/v2\/types\/page"}],"author":[{"embeddable":true,"href":"https:\/\/www.asso-unil.ch\/archipel\/wp-json\/wp\/v2\/users\/11"}],"replies":[{"embeddable":true,"href":"https:\/\/www.asso-unil.ch\/archipel\/wp-json\/wp\/v2\/comments?post=541"}],"version-history":[{"count":0,"href":"https:\/\/www.asso-unil.ch\/archipel\/wp-json\/wp\/v2\/pages\/541\/revisions"}],"wp:attachment":[{"href":"https:\/\/www.asso-unil.ch\/archipel\/wp-json\/wp\/v2\/media?parent=541"}],"curies":[{"name":"wp","href":"https:\/\/api.w.org\/{rel}","templated":true}]}}